{"id":1173,"date":"2020-11-04T18:10:24","date_gmt":"2020-11-04T21:10:24","guid":{"rendered":"https:\/\/www.mbbf.org.br\/mbbf_blog\/?page_id=1173"},"modified":"2021-09-29T15:38:15","modified_gmt":"2021-09-29T18:38:15","slug":"missionarios","status":"publish","type":"page","link":"https:\/\/www.mbbf.org.br\/mbbf_blog\/missionarios\/","title":{"rendered":"MISSION\u00c1RIOS"},"content":{"rendered":"\t\t<div data-elementor-type=\"wp-page\" data-elementor-id=\"1173\" class=\"elementor elementor-1173\" data-elementor-settings=\"[]\">\n\t\t\t\t\t\t<div class=\"elementor-inner\">\n\t\t\t\t\t\t\t<div class=\"elementor-section-wrap\">\n\t\t\t\t\t\t\t<section class=\"elementor-section elementor-top-section elementor-element elementor-element-39eeff17 elementor-section-stretched elementor-section-boxed elementor-section-height-default elementor-section-height-default\" data-id=\"39eeff17\" data-element_type=\"section\" data-settings=\"{&quot;background_background&quot;:&quot;classic&quot;,&quot;background_motion_fx_motion_fx_scrolling&quot;:&quot;yes&quot;,&quot;background_motion_fx_translateX_effect&quot;:&quot;yes&quot;,&quot;stretch_section&quot;:&quot;section-stretched&quot;,&quot;background_motion_fx_translateX_speed&quot;:{&quot;unit&quot;:&quot;px&quot;,&quot;size&quot;:4,&quot;sizes&quot;:[]},&quot;background_motion_fx_translateX_affectedRange&quot;:{&quot;unit&quot;:&quot;%&quot;,&quot;size&quot;:&quot;&quot;,&quot;sizes&quot;:{&quot;start&quot;:0,&quot;end&quot;:100}},&quot;background_motion_fx_devices&quot;:[&quot;desktop&quot;,&quot;tablet&quot;,&quot;mobile&quot;]}\">\n\t\t\t\t\t\t<div class=\"elementor-container elementor-column-gap-default\">\n\t\t\t\t\t\t\t<div class=\"elementor-row\">\n\t\t\t\t\t<div class=\"elementor-column elementor-col-50 elementor-top-column elementor-element elementor-element-558fb831\" data-id=\"558fb831\" data-element_type=\"column\">\n\t\t\t<div class=\"elementor-column-wrap elementor-element-populated\">\n\t\t\t\t\t\t\t<div class=\"elementor-widget-wrap\">\n\t\t\t\t\t\t<div class=\"elementor-element elementor-element-512cde2 elementor-widget elementor-widget-heading\" data-id=\"512cde2\" data-element_type=\"widget\" data-widget_type=\"heading.default\">\n\t\t\t\t<div class=\"elementor-widget-container\">\n\t\t\t<h1 class=\"elementor-heading-title elementor-size-xxl\">Nossos Mission\u00e1rios<\/h1>\t\t<\/div>\n\t\t\t\t<\/div>\n\t\t\t\t<div class=\"elementor-element elementor-element-386fbcaa elementor-widget elementor-widget-text-editor\" data-id=\"386fbcaa\" data-element_type=\"widget\" data-widget_type=\"text-editor.default\">\n\t\t\t\t<div class=\"elementor-widget-container\">\n\t\t\t\t\t<div class=\"elementor-text-editor elementor-clearfix\"><p><strong>\u201cPor\u00e9m em nada considero a vida preciosa para mim mesmo, contanto que complete a minha carreira e o minist\u00e9rio que recebi do Senhor Jesus\u201d<\/strong> <br \/>(At 20.24).<\/p><\/div>\n\t\t\t\t<\/div>\n\t\t\t\t<\/div>\n\t\t\t\t<div class=\"elementor-element elementor-element-32b3f795 elementor-align-left elementor-tablet-align-left elementor-mobile-align-left elementor-invisible elementor-widget elementor-widget-button\" data-id=\"32b3f795\" data-element_type=\"widget\" data-settings=\"{&quot;_animation&quot;:&quot;fadeIn&quot;}\" data-widget_type=\"button.default\">\n\t\t\t\t<div class=\"elementor-widget-container\">\n\t\t\t\t\t<div class=\"elementor-button-wrapper\">\n\t\t\t<a href=\"#\" class=\"elementor-button-link elementor-button elementor-size-xs\" role=\"button\">\n\t\t\t\t\t\t<span class=\"elementor-button-content-wrapper\">\n\t\t\t\t\t\t<span class=\"elementor-button-text\">Contato<\/span>\n\t\t<\/span>\n\t\t\t\t\t<\/a>\n\t\t<\/div>\n\t\t\t\t<\/div>\n\t\t\t\t<\/div>\n\t\t\t\t\t\t<\/div>\n\t\t\t\t\t<\/div>\n\t\t<\/div>\n\t\t\t\t<div class=\"elementor-column elementor-col-50 elementor-top-column elementor-element elementor-element-294fa9d0\" data-id=\"294fa9d0\" data-element_type=\"column\">\n\t\t\t<div class=\"elementor-column-wrap\">\n\t\t\t\t\t\t\t<div class=\"elementor-widget-wrap\">\n\t\t\t\t\t\t\t\t<\/div>\n\t\t\t\t\t<\/div>\n\t\t<\/div>\n\t\t\t\t\t\t\t\t<\/div>\n\t\t\t\t\t<\/div>\n\t\t<\/section>\n\t\t\t\t<section class=\"elementor-section elementor-top-section elementor-element elementor-element-1858c6e1 elementor-section-boxed elementor-section-height-default elementor-section-height-default\" data-id=\"1858c6e1\" data-element_type=\"section\" data-settings=\"{&quot;background_background&quot;:&quot;classic&quot;}\">\n\t\t\t\t\t\t<div class=\"elementor-container elementor-column-gap-default\">\n\t\t\t\t\t\t\t<div class=\"elementor-row\">\n\t\t\t\t\t<div class=\"elementor-column elementor-col-50 elementor-top-column elementor-element elementor-element-4e00db5a\" data-id=\"4e00db5a\" data-element_type=\"column\">\n\t\t\t<div class=\"elementor-column-wrap elementor-element-populated\">\n\t\t\t\t\t\t\t<div class=\"elementor-widget-wrap\">\n\t\t\t\t\t\t<div class=\"elementor-element elementor-element-50512cc0 elementor-widget elementor-widget-image\" data-id=\"50512cc0\" data-element_type=\"widget\" data-widget_type=\"image.default\">\n\t\t\t\t<div class=\"elementor-widget-container\">\n\t\t\t\t\t<div class=\"elementor-image\">\n\t\t\t\t\t\t\t\t\t\t<img width=\"875\" height=\"656\" src=\"https:\/\/www.mbbf.org.br\/mbbf_blog\/wp-content\/uploads\/2020\/11\/Divino-e-Maria-Amorim-somente-a-foto-1.png\" class=\"elementor-animation-float attachment-full size-full\" alt=\"\" decoding=\"async\" loading=\"lazy\" srcset=\"https:\/\/www.mbbf.org.br\/mbbf_blog\/wp-content\/uploads\/2020\/11\/Divino-e-Maria-Amorim-somente-a-foto-1.png 875w, https:\/\/www.mbbf.org.br\/mbbf_blog\/wp-content\/uploads\/2020\/11\/Divino-e-Maria-Amorim-somente-a-foto-1-300x225.png 300w, https:\/\/www.mbbf.org.br\/mbbf_blog\/wp-content\/uploads\/2020\/11\/Divino-e-Maria-Amorim-somente-a-foto-1-768x576.png 768w\" sizes=\"(max-width: 875px) 100vw, 875px\" \/>\t\t\t\t\t\t\t\t\t\t\t<\/div>\n\t\t\t\t<\/div>\n\t\t\t\t<\/div>\n\t\t\t\t\t\t<\/div>\n\t\t\t\t\t<\/div>\n\t\t<\/div>\n\t\t\t\t<div class=\"elementor-column elementor-col-50 elementor-top-column elementor-element elementor-element-426b0758\" data-id=\"426b0758\" data-element_type=\"column\">\n\t\t\t<div class=\"elementor-column-wrap elementor-element-populated\">\n\t\t\t\t\t\t\t<div class=\"elementor-widget-wrap\">\n\t\t\t\t\t\t<section class=\"elementor-section elementor-inner-section elementor-element elementor-element-6de383da elementor-section-boxed elementor-section-height-default elementor-section-height-default\" data-id=\"6de383da\" data-element_type=\"section\">\n\t\t\t\t\t\t<div class=\"elementor-container elementor-column-gap-default\">\n\t\t\t\t\t\t\t<div class=\"elementor-row\">\n\t\t\t\t\t<div class=\"elementor-column elementor-col-100 elementor-inner-column elementor-element elementor-element-7761e06d\" data-id=\"7761e06d\" data-element_type=\"column\">\n\t\t\t<div class=\"elementor-column-wrap elementor-element-populated\">\n\t\t\t\t\t\t\t<div class=\"elementor-widget-wrap\">\n\t\t\t\t\t\t<div class=\"elementor-element elementor-element-3dd2f9db elementor-widget elementor-widget-heading\" data-id=\"3dd2f9db\" data-element_type=\"widget\" data-widget_type=\"heading.default\">\n\t\t\t\t<div class=\"elementor-widget-container\">\n\t\t\t<h3 class=\"elementor-heading-title elementor-size-default\">Divino Amorim e Maria<\/h3>\t\t<\/div>\n\t\t\t\t<\/div>\n\t\t\t\t<div class=\"elementor-element elementor-element-66bee6ff elementor-widget-divider--view-line elementor-widget elementor-widget-divider\" data-id=\"66bee6ff\" data-element_type=\"widget\" data-settings=\"{&quot;motion_fx_motion_fx_scrolling&quot;:&quot;yes&quot;,&quot;motion_fx_translateX_effect&quot;:&quot;yes&quot;,&quot;motion_fx_translateX_speed&quot;:{&quot;unit&quot;:&quot;px&quot;,&quot;size&quot;:4,&quot;sizes&quot;:[]},&quot;motion_fx_translateX_affectedRange&quot;:{&quot;unit&quot;:&quot;%&quot;,&quot;size&quot;:&quot;&quot;,&quot;sizes&quot;:{&quot;start&quot;:0,&quot;end&quot;:100}},&quot;motion_fx_devices&quot;:[&quot;desktop&quot;,&quot;tablet&quot;,&quot;mobile&quot;]}\" data-widget_type=\"divider.default\">\n\t\t\t\t<div class=\"elementor-widget-container\">\n\t\t\t\t\t<div class=\"elementor-divider\">\n\t\t\t<span class=\"elementor-divider-separator\">\n\t\t\t\t\t\t<\/span>\n\t\t<\/div>\n\t\t\t\t<\/div>\n\t\t\t\t<\/div>\n\t\t\t\t<div class=\"elementor-element elementor-element-52405026 elementor-widget elementor-widget-text-editor\" data-id=\"52405026\" data-element_type=\"widget\" data-widget_type=\"text-editor.default\">\n\t\t\t\t<div class=\"elementor-widget-container\">\n\t\t\t\t\t<div class=\"elementor-text-editor elementor-clearfix\"><p>Pr. Divino e Maria estao em Maputo, capital de Mo\u00e7ambique (Africa), desde maio de 2002, sendo eles os precursores do trabalho batista fundamentalista na cidade.<\/p><p>Divino e Maria estudaram e trabalharam no Semin\u00e1rio Batista Regular do Sul (SBRS). Ap\u00f3s uma visita a Mo\u00e7ambique em junho de 1999, na companhia de um grupo de pastores, um amor pelo povo mo\u00e7ambicano nasceu no cora\u00e7?o do Pr. Divino, que foi compartilhado por Maria, sem mesmo que ela tivesse ido at\u00e9 l\u00e1.<\/p><p>Uma igreja j\u00e1 est\u00e1 sendo erguida em um dos 2 terrenos comprados em Maputo, que abrigar\u00e1 a primeira congrega\u00e7ao, que j\u00e1 tem uma frequencia de cerca de 50 pessoas.<\/p><p>Pr. Divino e Maria estao na lideran\u00e7a da equipe mission\u00e1ria em Maputo. Eles t\u00eam um filho, Nathanael.<\/p><\/div>\n\t\t\t\t<\/div>\n\t\t\t\t<\/div>\n\t\t\t\t<div class=\"elementor-element elementor-element-3386238c elementor-align-left elementor-tablet-align-left elementor-mobile-align-left elementor-invisible elementor-widget elementor-widget-button\" data-id=\"3386238c\" data-element_type=\"widget\" data-settings=\"{&quot;_animation&quot;:&quot;fadeIn&quot;}\" data-widget_type=\"button.default\">\n\t\t\t\t<div class=\"elementor-widget-container\">\n\t\t\t\t\t<div class=\"elementor-button-wrapper\">\n\t\t\t<a href=\"#\" class=\"elementor-button-link elementor-button elementor-size-sm\" role=\"button\">\n\t\t\t\t\t\t<span class=\"elementor-button-content-wrapper\">\n\t\t\t\t\t\t<span class=\"elementor-button-text\">Saiba Mais<\/span>\n\t\t<\/span>\n\t\t\t\t\t<\/a>\n\t\t<\/div>\n\t\t\t\t<\/div>\n\t\t\t\t<\/div>\n\t\t\t\t\t\t<\/div>\n\t\t\t\t\t<\/div>\n\t\t<\/div>\n\t\t\t\t\t\t\t\t<\/div>\n\t\t\t\t\t<\/div>\n\t\t<\/section>\n\t\t\t\t\t\t<\/div>\n\t\t\t\t\t<\/div>\n\t\t<\/div>\n\t\t\t\t\t\t\t\t<\/div>\n\t\t\t\t\t<\/div>\n\t\t<\/section>\n\t\t\t\t<section class=\"elementor-section elementor-top-section elementor-element elementor-element-4bb42bdb elementor-section-boxed elementor-section-height-default elementor-section-height-default\" data-id=\"4bb42bdb\" data-element_type=\"section\" data-settings=\"{&quot;background_background&quot;:&quot;classic&quot;}\">\n\t\t\t\t\t\t<div class=\"elementor-container elementor-column-gap-default\">\n\t\t\t\t\t\t\t<div class=\"elementor-row\">\n\t\t\t\t\t<div class=\"elementor-column elementor-col-50 elementor-top-column elementor-element elementor-element-4ab037b4\" data-id=\"4ab037b4\" data-element_type=\"column\">\n\t\t\t<div class=\"elementor-column-wrap elementor-element-populated\">\n\t\t\t\t\t\t\t<div class=\"elementor-widget-wrap\">\n\t\t\t\t\t\t<section class=\"elementor-section elementor-inner-section elementor-element elementor-element-c45d28c elementor-section-boxed elementor-section-height-default elementor-section-height-default\" data-id=\"c45d28c\" data-element_type=\"section\">\n\t\t\t\t\t\t<div class=\"elementor-container elementor-column-gap-default\">\n\t\t\t\t\t\t\t<div class=\"elementor-row\">\n\t\t\t\t\t<div class=\"elementor-column elementor-col-100 elementor-inner-column elementor-element elementor-element-314949ef\" data-id=\"314949ef\" data-element_type=\"column\">\n\t\t\t<div class=\"elementor-column-wrap elementor-element-populated\">\n\t\t\t\t\t\t\t<div class=\"elementor-widget-wrap\">\n\t\t\t\t\t\t<div class=\"elementor-element elementor-element-10f2d1c1 elementor-widget elementor-widget-heading\" data-id=\"10f2d1c1\" data-element_type=\"widget\" data-widget_type=\"heading.default\">\n\t\t\t\t<div class=\"elementor-widget-container\">\n\t\t\t<h3 class=\"elementor-heading-title elementor-size-default\">Luiz Miguel Gianeli e D\u00e9bora<\/h3>\t\t<\/div>\n\t\t\t\t<\/div>\n\t\t\t\t<div class=\"elementor-element elementor-element-1c3d2d9b elementor-widget-divider--view-line elementor-widget elementor-widget-divider\" data-id=\"1c3d2d9b\" data-element_type=\"widget\" data-settings=\"{&quot;motion_fx_motion_fx_scrolling&quot;:&quot;yes&quot;,&quot;motion_fx_translateX_effect&quot;:&quot;yes&quot;,&quot;motion_fx_translateX_speed&quot;:{&quot;unit&quot;:&quot;px&quot;,&quot;size&quot;:4,&quot;sizes&quot;:[]},&quot;motion_fx_translateX_affectedRange&quot;:{&quot;unit&quot;:&quot;%&quot;,&quot;size&quot;:&quot;&quot;,&quot;sizes&quot;:{&quot;start&quot;:0,&quot;end&quot;:100}},&quot;motion_fx_devices&quot;:[&quot;desktop&quot;,&quot;tablet&quot;,&quot;mobile&quot;]}\" data-widget_type=\"divider.default\">\n\t\t\t\t<div class=\"elementor-widget-container\">\n\t\t\t\t\t<div class=\"elementor-divider\">\n\t\t\t<span class=\"elementor-divider-separator\">\n\t\t\t\t\t\t<\/span>\n\t\t<\/div>\n\t\t\t\t<\/div>\n\t\t\t\t<\/div>\n\t\t\t\t<div class=\"elementor-element elementor-element-3c10f768 elementor-widget elementor-widget-text-editor\" data-id=\"3c10f768\" data-element_type=\"widget\" data-widget_type=\"text-editor.default\">\n\t\t\t\t<div class=\"elementor-widget-container\">\n\t\t\t\t\t<div class=\"elementor-text-editor elementor-clearfix\"><p>Luiz Miguel e D\u00e9bora s\u00e3o membros da Igreja Batista Regular do Jd. Florense, em Campinas, SP. Ingressaram no Semin\u00e1rio Batista Regular do Sul (SBRS), formando-se em dezembro de 2005. Alguns meses antes da sua formatura, visitaram a Serra da Canastra, e tiveram certeza de que ali era o local onde Deus os queria trabalhando.<\/p><p>Aprovados por sua igreja, partiram para l\u00e1 em fevereiro de 2006 para ajudar o trabalho em S?o Roque de Minas, j\u00e1 visando o in\u00edcio do novo trabalho na cidade vizinha de Vargem Bonita. Um terreno com uma casa e um galp\u00e3o foram adquiridos, e a igreja foi inaugurada em setembro de 2006. Eles se mudaram para Vargem Bonita e ingressaram na MBBF em dezembro de 2006. Luiz Miguel e D\u00e9bora tem uma filha, Agnes.<\/p><\/div>\n\t\t\t\t<\/div>\n\t\t\t\t<\/div>\n\t\t\t\t<div class=\"elementor-element elementor-element-c806804 elementor-align-left elementor-tablet-align-left elementor-mobile-align-left elementor-invisible elementor-widget elementor-widget-button\" data-id=\"c806804\" data-element_type=\"widget\" data-settings=\"{&quot;_animation&quot;:&quot;fadeIn&quot;}\" data-widget_type=\"button.default\">\n\t\t\t\t<div class=\"elementor-widget-container\">\n\t\t\t\t\t<div class=\"elementor-button-wrapper\">\n\t\t\t<a href=\"#\" class=\"elementor-button-link elementor-button elementor-size-sm\" role=\"button\">\n\t\t\t\t\t\t<span class=\"elementor-button-content-wrapper\">\n\t\t\t\t\t\t<span class=\"elementor-button-text\">Saiba Mais<\/span>\n\t\t<\/span>\n\t\t\t\t\t<\/a>\n\t\t<\/div>\n\t\t\t\t<\/div>\n\t\t\t\t<\/div>\n\t\t\t\t\t\t<\/div>\n\t\t\t\t\t<\/div>\n\t\t<\/div>\n\t\t\t\t\t\t\t\t<\/div>\n\t\t\t\t\t<\/div>\n\t\t<\/section>\n\t\t\t\t\t\t<\/div>\n\t\t\t\t\t<\/div>\n\t\t<\/div>\n\t\t\t\t<div class=\"elementor-column elementor-col-50 elementor-top-column elementor-element elementor-element-1bbf2ffd\" data-id=\"1bbf2ffd\" data-element_type=\"column\">\n\t\t\t<div class=\"elementor-column-wrap elementor-element-populated\">\n\t\t\t\t\t\t\t<div class=\"elementor-widget-wrap\">\n\t\t\t\t\t\t<div class=\"elementor-element elementor-element-76f34cf5 elementor-pagination-position-outside elementor-widget elementor-widget-image-carousel\" data-id=\"76f34cf5\" data-element_type=\"widget\" data-settings=\"{&quot;slides_to_show&quot;:&quot;1&quot;,&quot;navigation&quot;:&quot;dots&quot;,&quot;autoplay_speed&quot;:6000,&quot;effect&quot;:&quot;fade&quot;,&quot;speed&quot;:300,&quot;slides_to_show_mobile&quot;:&quot;1&quot;,&quot;autoplay&quot;:&quot;yes&quot;,&quot;pause_on_hover&quot;:&quot;yes&quot;,&quot;pause_on_interaction&quot;:&quot;yes&quot;,&quot;infinite&quot;:&quot;yes&quot;}\" data-widget_type=\"image-carousel.default\">\n\t\t\t\t<div class=\"elementor-widget-container\">\n\t\t\t\t\t<div class=\"elementor-image-carousel-wrapper swiper-container\" dir=\"ltr\">\n\t\t\t<div class=\"elementor-image-carousel swiper-wrapper\">\n\t\t\t\t<div class=\"swiper-slide\"><figure class=\"swiper-slide-inner\"><img decoding=\"async\" class=\"swiper-slide-image\" src=\"https:\/\/www.mbbf.org.br\/mbbf_blog\/wp-content\/uploads\/elementor\/thumbs\/Luiz-Miguel-e-Debora-Gianeli-somente-a-fotopng-oxxt7cq0f7atqsr1u0yxiy6rj4dv1iqkkywyo8qa9c.png\" alt=\"Luiz Miguel e D\u00e9bora Gianeli - somente a fotopng\" \/><\/figure><\/div>\t\t\t<\/div>\n\t\t\t\t\t<\/div>\n\t\t\t\t<\/div>\n\t\t\t\t<\/div>\n\t\t\t\t\t\t<\/div>\n\t\t\t\t\t<\/div>\n\t\t<\/div>\n\t\t\t\t\t\t\t\t<\/div>\n\t\t\t\t\t<\/div>\n\t\t<\/section>\n\t\t\t\t<section class=\"elementor-section elementor-top-section elementor-element elementor-element-049edb0 elementor-section-boxed elementor-section-height-default elementor-section-height-default\" data-id=\"049edb0\" data-element_type=\"section\" data-settings=\"{&quot;background_background&quot;:&quot;classic&quot;}\">\n\t\t\t\t\t\t<div class=\"elementor-container elementor-column-gap-default\">\n\t\t\t\t\t\t\t<div class=\"elementor-row\">\n\t\t\t\t\t<div class=\"elementor-column elementor-col-50 elementor-top-column elementor-element elementor-element-7d1e388\" data-id=\"7d1e388\" data-element_type=\"column\">\n\t\t\t<div class=\"elementor-column-wrap elementor-element-populated\">\n\t\t\t\t\t\t\t<div class=\"elementor-widget-wrap\">\n\t\t\t\t\t\t<div class=\"elementor-element elementor-element-5e82ba4 elementor-widget elementor-widget-image\" data-id=\"5e82ba4\" data-element_type=\"widget\" data-widget_type=\"image.default\">\n\t\t\t\t<div class=\"elementor-widget-container\">\n\t\t\t\t\t<div class=\"elementor-image\">\n\t\t\t\t\t\t\t\t\t\t<img width=\"887\" height=\"664\" src=\"https:\/\/www.mbbf.org.br\/mbbf_blog\/wp-content\/uploads\/2020\/11\/Celso-Botelho-e-Angela.png\" class=\"elementor-animation-float attachment-full size-full\" alt=\"\" decoding=\"async\" loading=\"lazy\" srcset=\"https:\/\/www.mbbf.org.br\/mbbf_blog\/wp-content\/uploads\/2020\/11\/Celso-Botelho-e-Angela.png 887w, https:\/\/www.mbbf.org.br\/mbbf_blog\/wp-content\/uploads\/2020\/11\/Celso-Botelho-e-Angela-300x225.png 300w, https:\/\/www.mbbf.org.br\/mbbf_blog\/wp-content\/uploads\/2020\/11\/Celso-Botelho-e-Angela-768x575.png 768w\" sizes=\"(max-width: 887px) 100vw, 887px\" \/>\t\t\t\t\t\t\t\t\t\t\t<\/div>\n\t\t\t\t<\/div>\n\t\t\t\t<\/div>\n\t\t\t\t\t\t<\/div>\n\t\t\t\t\t<\/div>\n\t\t<\/div>\n\t\t\t\t<div class=\"elementor-column elementor-col-50 elementor-top-column elementor-element elementor-element-9480796\" data-id=\"9480796\" data-element_type=\"column\">\n\t\t\t<div class=\"elementor-column-wrap elementor-element-populated\">\n\t\t\t\t\t\t\t<div class=\"elementor-widget-wrap\">\n\t\t\t\t\t\t<section class=\"elementor-section elementor-inner-section elementor-element elementor-element-6182275 elementor-section-boxed elementor-section-height-default elementor-section-height-default\" data-id=\"6182275\" data-element_type=\"section\">\n\t\t\t\t\t\t<div class=\"elementor-container elementor-column-gap-default\">\n\t\t\t\t\t\t\t<div class=\"elementor-row\">\n\t\t\t\t\t<div class=\"elementor-column elementor-col-100 elementor-inner-column elementor-element elementor-element-4eede37\" data-id=\"4eede37\" data-element_type=\"column\">\n\t\t\t<div class=\"elementor-column-wrap elementor-element-populated\">\n\t\t\t\t\t\t\t<div class=\"elementor-widget-wrap\">\n\t\t\t\t\t\t<div class=\"elementor-element elementor-element-09bf884 elementor-widget elementor-widget-heading\" data-id=\"09bf884\" data-element_type=\"widget\" data-widget_type=\"heading.default\">\n\t\t\t\t<div class=\"elementor-widget-container\">\n\t\t\t<h3 class=\"elementor-heading-title elementor-size-default\">Celso Botelho e \u00c2ngela<\/h3>\t\t<\/div>\n\t\t\t\t<\/div>\n\t\t\t\t<div class=\"elementor-element elementor-element-a2dcc1c elementor-widget-divider--view-line elementor-widget elementor-widget-divider\" data-id=\"a2dcc1c\" data-element_type=\"widget\" data-settings=\"{&quot;motion_fx_motion_fx_scrolling&quot;:&quot;yes&quot;,&quot;motion_fx_translateX_effect&quot;:&quot;yes&quot;,&quot;motion_fx_translateX_speed&quot;:{&quot;unit&quot;:&quot;px&quot;,&quot;size&quot;:4,&quot;sizes&quot;:[]},&quot;motion_fx_translateX_affectedRange&quot;:{&quot;unit&quot;:&quot;%&quot;,&quot;size&quot;:&quot;&quot;,&quot;sizes&quot;:{&quot;start&quot;:0,&quot;end&quot;:100}},&quot;motion_fx_devices&quot;:[&quot;desktop&quot;,&quot;tablet&quot;,&quot;mobile&quot;]}\" data-widget_type=\"divider.default\">\n\t\t\t\t<div class=\"elementor-widget-container\">\n\t\t\t\t\t<div class=\"elementor-divider\">\n\t\t\t<span class=\"elementor-divider-separator\">\n\t\t\t\t\t\t<\/span>\n\t\t<\/div>\n\t\t\t\t<\/div>\n\t\t\t\t<\/div>\n\t\t\t\t<div class=\"elementor-element elementor-element-0101515 elementor-widget elementor-widget-text-editor\" data-id=\"0101515\" data-element_type=\"widget\" data-widget_type=\"text-editor.default\">\n\t\t\t\t<div class=\"elementor-widget-container\">\n\t\t\t\t\t<div class=\"elementor-text-editor elementor-clearfix\"><p>\u00c2ngela e eu, nos convertemos dia 10 de setembro de 1991. Alguns meses depois tivemos uma confer\u00eancia mission\u00e1ria em nossa Igreja e no final daquela Confer\u00eancia eu consagrei minha vida ao santo minist\u00e9rio da Palavra.<\/p><p>No ano de 1994 ingressamos no Semin\u00e1rio Batista Regular do Sul onde me formei no curso de Teologia Pastoral e minha esposa em Bacharel em Educa\u00e7\u00e3o Religiosa em 1997. Em agosto de 2001, compramos o terreno para constru\u00e7\u00e3o da atual Igreja Batista Esperan\u00e7a, tamb\u00e9m em Sorocaba.<\/p><p>Trabalhamos ainda em Jundia\u00ed e a gra\u00e7a de Deus continuou a alcan\u00e7ar outras almas e com a organiza\u00e7\u00e3o da igreja, conclu\u00edmos a constru\u00e7\u00e3o do templo. Em 2006, fui consagrado ao e me afiliei a MBBF. No ano de 2008 at\u00e9 2010 demos continuidade a uma congrega\u00e7\u00e3o na cidade de Jaguaria\u00edva no norte do Paran\u00e1.<\/p><\/div>\n\t\t\t\t<\/div>\n\t\t\t\t<\/div>\n\t\t\t\t<div class=\"elementor-element elementor-element-34ec96f elementor-align-left elementor-tablet-align-left elementor-mobile-align-left elementor-invisible elementor-widget elementor-widget-button\" data-id=\"34ec96f\" data-element_type=\"widget\" data-settings=\"{&quot;_animation&quot;:&quot;fadeIn&quot;}\" data-widget_type=\"button.default\">\n\t\t\t\t<div class=\"elementor-widget-container\">\n\t\t\t\t\t<div class=\"elementor-button-wrapper\">\n\t\t\t<a href=\"#\" class=\"elementor-button-link elementor-button elementor-size-sm\" role=\"button\">\n\t\t\t\t\t\t<span class=\"elementor-button-content-wrapper\">\n\t\t\t\t\t\t<span class=\"elementor-button-text\">Saiba Mais<\/span>\n\t\t<\/span>\n\t\t\t\t\t<\/a>\n\t\t<\/div>\n\t\t\t\t<\/div>\n\t\t\t\t<\/div>\n\t\t\t\t\t\t<\/div>\n\t\t\t\t\t<\/div>\n\t\t<\/div>\n\t\t\t\t\t\t\t\t<\/div>\n\t\t\t\t\t<\/div>\n\t\t<\/section>\n\t\t\t\t\t\t<\/div>\n\t\t\t\t\t<\/div>\n\t\t<\/div>\n\t\t\t\t\t\t\t\t<\/div>\n\t\t\t\t\t<\/div>\n\t\t<\/section>\n\t\t\t\t<section class=\"elementor-section elementor-top-section elementor-element elementor-element-2166952 elementor-section-boxed elementor-section-height-default elementor-section-height-default\" data-id=\"2166952\" data-element_type=\"section\" data-settings=\"{&quot;background_background&quot;:&quot;classic&quot;}\">\n\t\t\t\t\t\t<div class=\"elementor-container elementor-column-gap-default\">\n\t\t\t\t\t\t\t<div class=\"elementor-row\">\n\t\t\t\t\t<div class=\"elementor-column elementor-col-50 elementor-top-column elementor-element elementor-element-0435c16\" data-id=\"0435c16\" data-element_type=\"column\">\n\t\t\t<div class=\"elementor-column-wrap elementor-element-populated\">\n\t\t\t\t\t\t\t<div class=\"elementor-widget-wrap\">\n\t\t\t\t\t\t<section class=\"elementor-section elementor-inner-section elementor-element elementor-element-e330418 elementor-section-boxed elementor-section-height-default elementor-section-height-default\" data-id=\"e330418\" data-element_type=\"section\">\n\t\t\t\t\t\t<div class=\"elementor-container elementor-column-gap-default\">\n\t\t\t\t\t\t\t<div class=\"elementor-row\">\n\t\t\t\t\t<div class=\"elementor-column elementor-col-100 elementor-inner-column elementor-element elementor-element-4818b35\" data-id=\"4818b35\" data-element_type=\"column\">\n\t\t\t<div class=\"elementor-column-wrap elementor-element-populated\">\n\t\t\t\t\t\t\t<div class=\"elementor-widget-wrap\">\n\t\t\t\t\t\t<div class=\"elementor-element elementor-element-14b9a37 elementor-widget elementor-widget-heading\" data-id=\"14b9a37\" data-element_type=\"widget\" data-widget_type=\"heading.default\">\n\t\t\t\t<div class=\"elementor-widget-container\">\n\t\t\t<h3 class=\"elementor-heading-title elementor-size-default\">Iloni Juraci Leuck<\/h3>\t\t<\/div>\n\t\t\t\t<\/div>\n\t\t\t\t<div class=\"elementor-element elementor-element-d0aa931 elementor-widget-divider--view-line elementor-widget elementor-widget-divider\" data-id=\"d0aa931\" data-element_type=\"widget\" data-settings=\"{&quot;motion_fx_motion_fx_scrolling&quot;:&quot;yes&quot;,&quot;motion_fx_translateX_effect&quot;:&quot;yes&quot;,&quot;motion_fx_translateX_speed&quot;:{&quot;unit&quot;:&quot;px&quot;,&quot;size&quot;:4,&quot;sizes&quot;:[]},&quot;motion_fx_translateX_affectedRange&quot;:{&quot;unit&quot;:&quot;%&quot;,&quot;size&quot;:&quot;&quot;,&quot;sizes&quot;:{&quot;start&quot;:0,&quot;end&quot;:100}},&quot;motion_fx_devices&quot;:[&quot;desktop&quot;,&quot;tablet&quot;,&quot;mobile&quot;]}\" data-widget_type=\"divider.default\">\n\t\t\t\t<div class=\"elementor-widget-container\">\n\t\t\t\t\t<div class=\"elementor-divider\">\n\t\t\t<span class=\"elementor-divider-separator\">\n\t\t\t\t\t\t<\/span>\n\t\t<\/div>\n\t\t\t\t<\/div>\n\t\t\t\t<\/div>\n\t\t\t\t<div class=\"elementor-element elementor-element-2d88ffd elementor-widget elementor-widget-text-editor\" data-id=\"2d88ffd\" data-element_type=\"widget\" data-widget_type=\"text-editor.default\">\n\t\t\t\t<div class=\"elementor-widget-container\">\n\t\t\t\t\t<div class=\"elementor-text-editor elementor-clearfix\"><p>Iloni entregou sua vida a Cristo na Igreja Batista Maranata, em Novo Hamburgo, RS, ap\u00f3s buscar ao Senhor incentivada pela leitura de um folheto. Foi batizada em 1977, e logo sentiu o desejo de servir a Deus, indo preparar-se para o minist\u00e9rio no Semin\u00e1rio Batista Regular do Sul, em Curitiba, PR. Iloni fez parte da primeira turma deste Semin\u00e1rio, formando-se em 1981.<\/p><p>Ela serviu ao Senhor em diversos lugares desde 1982 , e no estado do Amazonas ela est\u00e1 desde 1994. Iloni tem como atual base a cidade de S\u00e3o Paulo de Oliven\u00e7a. Ela sempre atuou junto \u00e0s igrejas locais, auxiliando pastores e mission\u00e1rios na evangeliza\u00e7\u00e3o e discipulado de ribeirinhos e ind\u00edgenas.<\/p><p>Sua entrada na MBBF coincide com uma nova etapa no seu trabalho. Ela pretende, junto com outros mission\u00e1rios, trabalhar entre os \u00edndios Ticunas. A aldeia onde ir\u00e3o trabalhar, j\u00e1 possui uma Igreja Batista Regular, e fica a cerca de 6 horas de barco da sua casa.<\/p><p>Iloni \u00e9 membro da Igreja Batista Esperan\u00e7a, em S\u00e3o Paulo, SP.<\/p><\/div>\n\t\t\t\t<\/div>\n\t\t\t\t<\/div>\n\t\t\t\t<div class=\"elementor-element elementor-element-191233e elementor-align-left elementor-tablet-align-left elementor-mobile-align-left elementor-invisible elementor-widget elementor-widget-button\" data-id=\"191233e\" data-element_type=\"widget\" data-settings=\"{&quot;_animation&quot;:&quot;fadeIn&quot;}\" data-widget_type=\"button.default\">\n\t\t\t\t<div class=\"elementor-widget-container\">\n\t\t\t\t\t<div class=\"elementor-button-wrapper\">\n\t\t\t<a href=\"#\" class=\"elementor-button-link elementor-button elementor-size-sm\" role=\"button\">\n\t\t\t\t\t\t<span class=\"elementor-button-content-wrapper\">\n\t\t\t\t\t\t<span class=\"elementor-button-text\">Saiba Mais<\/span>\n\t\t<\/span>\n\t\t\t\t\t<\/a>\n\t\t<\/div>\n\t\t\t\t<\/div>\n\t\t\t\t<\/div>\n\t\t\t\t\t\t<\/div>\n\t\t\t\t\t<\/div>\n\t\t<\/div>\n\t\t\t\t\t\t\t\t<\/div>\n\t\t\t\t\t<\/div>\n\t\t<\/section>\n\t\t\t\t\t\t<\/div>\n\t\t\t\t\t<\/div>\n\t\t<\/div>\n\t\t\t\t<div class=\"elementor-column elementor-col-50 elementor-top-column elementor-element elementor-element-0617f0b\" data-id=\"0617f0b\" data-element_type=\"column\">\n\t\t\t<div class=\"elementor-column-wrap elementor-element-populated\">\n\t\t\t\t\t\t\t<div class=\"elementor-widget-wrap\">\n\t\t\t\t\t\t<div class=\"elementor-element elementor-element-a2bf5fa elementor-widget elementor-widget-image\" data-id=\"a2bf5fa\" data-element_type=\"widget\" data-widget_type=\"image.default\">\n\t\t\t\t<div class=\"elementor-widget-container\">\n\t\t\t\t\t<div class=\"elementor-image\">\n\t\t\t\t\t\t\t\t\t\t<img width=\"1002\" height=\"1074\" src=\"https:\/\/www.mbbf.org.br\/mbbf_blog\/wp-content\/uploads\/2020\/11\/Iloni-foto-sozinha.png\" class=\"elementor-animation-float attachment-full size-full\" alt=\"\" decoding=\"async\" loading=\"lazy\" srcset=\"https:\/\/www.mbbf.org.br\/mbbf_blog\/wp-content\/uploads\/2020\/11\/Iloni-foto-sozinha.png 1002w, https:\/\/www.mbbf.org.br\/mbbf_blog\/wp-content\/uploads\/2020\/11\/Iloni-foto-sozinha-280x300.png 280w, https:\/\/www.mbbf.org.br\/mbbf_blog\/wp-content\/uploads\/2020\/11\/Iloni-foto-sozinha-955x1024.png 955w, https:\/\/www.mbbf.org.br\/mbbf_blog\/wp-content\/uploads\/2020\/11\/Iloni-foto-sozinha-768x823.png 768w\" sizes=\"(max-width: 1002px) 100vw, 1002px\" \/>\t\t\t\t\t\t\t\t\t\t\t<\/div>\n\t\t\t\t<\/div>\n\t\t\t\t<\/div>\n\t\t\t\t\t\t<\/div>\n\t\t\t\t\t<\/div>\n\t\t<\/div>\n\t\t\t\t\t\t\t\t<\/div>\n\t\t\t\t\t<\/div>\n\t\t<\/section>\n\t\t\t\t<section class=\"elementor-section elementor-top-section elementor-element elementor-element-1d14f1b elementor-section-boxed elementor-section-height-default elementor-section-height-default\" data-id=\"1d14f1b\" data-element_type=\"section\" data-settings=\"{&quot;background_background&quot;:&quot;classic&quot;}\">\n\t\t\t\t\t\t<div class=\"elementor-container elementor-column-gap-default\">\n\t\t\t\t\t\t\t<div class=\"elementor-row\">\n\t\t\t\t\t<div class=\"elementor-column elementor-col-50 elementor-top-column elementor-element elementor-element-56f5ad8\" data-id=\"56f5ad8\" data-element_type=\"column\">\n\t\t\t<div class=\"elementor-column-wrap elementor-element-populated\">\n\t\t\t\t\t\t\t<div class=\"elementor-widget-wrap\">\n\t\t\t\t\t\t<section class=\"elementor-section elementor-inner-section elementor-element elementor-element-b9b83fe elementor-section-boxed elementor-section-height-default elementor-section-height-default\" data-id=\"b9b83fe\" data-element_type=\"section\">\n\t\t\t\t\t\t<div class=\"elementor-container elementor-column-gap-default\">\n\t\t\t\t\t\t\t<div class=\"elementor-row\">\n\t\t\t\t\t<div class=\"elementor-column elementor-col-100 elementor-inner-column elementor-element elementor-element-acd7c08\" data-id=\"acd7c08\" data-element_type=\"column\">\n\t\t\t<div class=\"elementor-column-wrap elementor-element-populated\">\n\t\t\t\t\t\t\t<div class=\"elementor-widget-wrap\">\n\t\t\t\t\t\t<div class=\"elementor-element elementor-element-a6b0d16 elementor-widget elementor-widget-heading\" data-id=\"a6b0d16\" data-element_type=\"widget\" data-widget_type=\"heading.default\">\n\t\t\t\t<div class=\"elementor-widget-container\">\n\t\t\t<h3 class=\"elementor-heading-title elementor-size-default\">claudinei Periles e Eleneil<\/h3>\t\t<\/div>\n\t\t\t\t<\/div>\n\t\t\t\t<div class=\"elementor-element elementor-element-ca28318 elementor-widget-divider--view-line elementor-widget elementor-widget-divider\" data-id=\"ca28318\" data-element_type=\"widget\" data-settings=\"{&quot;motion_fx_motion_fx_scrolling&quot;:&quot;yes&quot;,&quot;motion_fx_translateX_effect&quot;:&quot;yes&quot;,&quot;motion_fx_translateX_speed&quot;:{&quot;unit&quot;:&quot;px&quot;,&quot;size&quot;:4,&quot;sizes&quot;:[]},&quot;motion_fx_translateX_affectedRange&quot;:{&quot;unit&quot;:&quot;%&quot;,&quot;size&quot;:&quot;&quot;,&quot;sizes&quot;:{&quot;start&quot;:0,&quot;end&quot;:100}},&quot;motion_fx_devices&quot;:[&quot;desktop&quot;,&quot;tablet&quot;,&quot;mobile&quot;]}\" data-widget_type=\"divider.default\">\n\t\t\t\t<div class=\"elementor-widget-container\">\n\t\t\t\t\t<div class=\"elementor-divider\">\n\t\t\t<span class=\"elementor-divider-separator\">\n\t\t\t\t\t\t<\/span>\n\t\t<\/div>\n\t\t\t\t<\/div>\n\t\t\t\t<\/div>\n\t\t\t\t<div class=\"elementor-element elementor-element-f13b373 elementor-widget elementor-widget-text-editor\" data-id=\"f13b373\" data-element_type=\"widget\" data-widget_type=\"text-editor.default\">\n\t\t\t\t<div class=\"elementor-widget-container\">\n\t\t\t\t\t<div class=\"elementor-text-editor elementor-clearfix\"><p>Claudinei e sua esposa Eleneil entregaram suas vidas a Cristo atrav\u00e9s do minist\u00e9rio da Igreja Batista Maranata, de Maril\u00e2ndia do Sul, PR.<\/p><p>Ingressaram no Semin\u00e1rio Batista Regular do Sul em 2002, depois de desafiados por Deus para o minist\u00e9rio de tempo integral.<\/p><p>Desde sua chamada para o minist\u00e9rio, a chama por miss\u00f5es no Norte do Paran\u00e1, especialmente por Maring\u00e1, ardia em seus cora\u00e7\u00f5es. Direcionaram seu treinamento para aprender, tanto na teoria como na pr\u00e1tica, para o minist\u00e9rio de plantar igrejas.<\/p><p>Ingressaram na MBBF em dezembro de 2007. Levantaram seu sustento pessoal e iniciaram a Igreja Batista Regular de Maring\u00e1 que completou seu segundo ano em 2010.<\/p><p>Claudinei e Eleneil tem dois filhos: Abner Lucas e Fernanda.<\/p><\/div>\n\t\t\t\t<\/div>\n\t\t\t\t<\/div>\n\t\t\t\t<div class=\"elementor-element elementor-element-b91bf20 elementor-align-left elementor-tablet-align-left elementor-mobile-align-left elementor-invisible elementor-widget elementor-widget-button\" data-id=\"b91bf20\" data-element_type=\"widget\" data-settings=\"{&quot;_animation&quot;:&quot;fadeIn&quot;}\" data-widget_type=\"button.default\">\n\t\t\t\t<div class=\"elementor-widget-container\">\n\t\t\t\t\t<div class=\"elementor-button-wrapper\">\n\t\t\t<a href=\"#\" class=\"elementor-button-link elementor-button elementor-size-sm\" role=\"button\">\n\t\t\t\t\t\t<span class=\"elementor-button-content-wrapper\">\n\t\t\t\t\t\t<span class=\"elementor-button-text\">Saiba Mais<\/span>\n\t\t<\/span>\n\t\t\t\t\t<\/a>\n\t\t<\/div>\n\t\t\t\t<\/div>\n\t\t\t\t<\/div>\n\t\t\t\t\t\t<\/div>\n\t\t\t\t\t<\/div>\n\t\t<\/div>\n\t\t\t\t\t\t\t\t<\/div>\n\t\t\t\t\t<\/div>\n\t\t<\/section>\n\t\t\t\t\t\t<\/div>\n\t\t\t\t\t<\/div>\n\t\t<\/div>\n\t\t\t\t<div class=\"elementor-column elementor-col-50 elementor-top-column elementor-element elementor-element-2ee9957\" data-id=\"2ee9957\" data-element_type=\"column\">\n\t\t\t<div class=\"elementor-column-wrap elementor-element-populated\">\n\t\t\t\t\t\t\t<div class=\"elementor-widget-wrap\">\n\t\t\t\t\t\t<div class=\"elementor-element elementor-element-fa7ef36 elementor-widget elementor-widget-image\" data-id=\"fa7ef36\" data-element_type=\"widget\" data-widget_type=\"image.default\">\n\t\t\t\t<div class=\"elementor-widget-container\">\n\t\t\t\t\t<div class=\"elementor-image\">\n\t\t\t\t\t\t\t\t\t\t<img width=\"851\" height=\"774\" src=\"https:\/\/www.mbbf.org.br\/mbbf_blog\/wp-content\/uploads\/2020\/11\/Claudinei-e-Eleneil-Perine-somente-a-foto.png\" class=\"elementor-animation-float attachment-full size-full\" alt=\"\" decoding=\"async\" loading=\"lazy\" srcset=\"https:\/\/www.mbbf.org.br\/mbbf_blog\/wp-content\/uploads\/2020\/11\/Claudinei-e-Eleneil-Perine-somente-a-foto.png 851w, https:\/\/www.mbbf.org.br\/mbbf_blog\/wp-content\/uploads\/2020\/11\/Claudinei-e-Eleneil-Perine-somente-a-foto-300x273.png 300w, https:\/\/www.mbbf.org.br\/mbbf_blog\/wp-content\/uploads\/2020\/11\/Claudinei-e-Eleneil-Perine-somente-a-foto-768x699.png 768w\" sizes=\"(max-width: 851px) 100vw, 851px\" \/>\t\t\t\t\t\t\t\t\t\t\t<\/div>\n\t\t\t\t<\/div>\n\t\t\t\t<\/div>\n\t\t\t\t\t\t<\/div>\n\t\t\t\t\t<\/div>\n\t\t<\/div>\n\t\t\t\t\t\t\t\t<\/div>\n\t\t\t\t\t<\/div>\n\t\t<\/section>\n\t\t\t\t<section class=\"elementor-section elementor-top-section elementor-element elementor-element-1d338ab elementor-section-boxed elementor-section-height-default elementor-section-height-default\" data-id=\"1d338ab\" data-element_type=\"section\" data-settings=\"{&quot;background_background&quot;:&quot;classic&quot;}\">\n\t\t\t\t\t\t<div class=\"elementor-container elementor-column-gap-default\">\n\t\t\t\t\t\t\t<div class=\"elementor-row\">\n\t\t\t\t\t<div class=\"elementor-column elementor-col-50 elementor-top-column elementor-element elementor-element-7789697\" data-id=\"7789697\" data-element_type=\"column\">\n\t\t\t<div class=\"elementor-column-wrap elementor-element-populated\">\n\t\t\t\t\t\t\t<div class=\"elementor-widget-wrap\">\n\t\t\t\t\t\t<div class=\"elementor-element elementor-element-98c1d3e elementor-widget elementor-widget-image\" data-id=\"98c1d3e\" data-element_type=\"widget\" data-widget_type=\"image.default\">\n\t\t\t\t<div class=\"elementor-widget-container\">\n\t\t\t\t\t<div class=\"elementor-image\">\n\t\t\t\t\t\t\t\t\t\t<img width=\"908\" height=\"971\" src=\"https:\/\/www.mbbf.org.br\/mbbf_blog\/wp-content\/uploads\/2020\/08\/Misssion\u00e1ria-Rosangela-2.png\" class=\"elementor-animation-float attachment-full size-full\" alt=\"Mission\u00e1ria Rosangela - Mo\u00e7ambique\" decoding=\"async\" loading=\"lazy\" srcset=\"https:\/\/www.mbbf.org.br\/mbbf_blog\/wp-content\/uploads\/2020\/08\/Misssion\u00e1ria-Rosangela-2.png 908w, https:\/\/www.mbbf.org.br\/mbbf_blog\/wp-content\/uploads\/2020\/08\/Misssion\u00e1ria-Rosangela-2-281x300.png 281w, https:\/\/www.mbbf.org.br\/mbbf_blog\/wp-content\/uploads\/2020\/08\/Misssion\u00e1ria-Rosangela-2-768x821.png 768w\" sizes=\"(max-width: 908px) 100vw, 908px\" \/>\t\t\t\t\t\t\t\t\t\t\t<\/div>\n\t\t\t\t<\/div>\n\t\t\t\t<\/div>\n\t\t\t\t\t\t<\/div>\n\t\t\t\t\t<\/div>\n\t\t<\/div>\n\t\t\t\t<div class=\"elementor-column elementor-col-50 elementor-top-column elementor-element elementor-element-4f0f754\" data-id=\"4f0f754\" data-element_type=\"column\">\n\t\t\t<div class=\"elementor-column-wrap elementor-element-populated\">\n\t\t\t\t\t\t\t<div class=\"elementor-widget-wrap\">\n\t\t\t\t\t\t<section class=\"elementor-section elementor-inner-section elementor-element elementor-element-a85f4af elementor-section-boxed elementor-section-height-default elementor-section-height-default\" data-id=\"a85f4af\" data-element_type=\"section\">\n\t\t\t\t\t\t<div class=\"elementor-container elementor-column-gap-default\">\n\t\t\t\t\t\t\t<div class=\"elementor-row\">\n\t\t\t\t\t<div class=\"elementor-column elementor-col-100 elementor-inner-column elementor-element elementor-element-19db15f\" data-id=\"19db15f\" data-element_type=\"column\">\n\t\t\t<div class=\"elementor-column-wrap elementor-element-populated\">\n\t\t\t\t\t\t\t<div class=\"elementor-widget-wrap\">\n\t\t\t\t\t\t<div class=\"elementor-element elementor-element-f2dc4a8 elementor-widget elementor-widget-heading\" data-id=\"f2dc4a8\" data-element_type=\"widget\" data-widget_type=\"heading.default\">\n\t\t\t\t<div class=\"elementor-widget-container\">\n\t\t\t<h3 class=\"elementor-heading-title elementor-size-default\">Rosangela da Silva Feitosa<\/h3>\t\t<\/div>\n\t\t\t\t<\/div>\n\t\t\t\t<div class=\"elementor-element elementor-element-f198863 elementor-widget-divider--view-line elementor-widget elementor-widget-divider\" data-id=\"f198863\" data-element_type=\"widget\" data-settings=\"{&quot;motion_fx_motion_fx_scrolling&quot;:&quot;yes&quot;,&quot;motion_fx_translateX_effect&quot;:&quot;yes&quot;,&quot;motion_fx_translateX_speed&quot;:{&quot;unit&quot;:&quot;px&quot;,&quot;size&quot;:4,&quot;sizes&quot;:[]},&quot;motion_fx_translateX_affectedRange&quot;:{&quot;unit&quot;:&quot;%&quot;,&quot;size&quot;:&quot;&quot;,&quot;sizes&quot;:{&quot;start&quot;:0,&quot;end&quot;:100}},&quot;motion_fx_devices&quot;:[&quot;desktop&quot;,&quot;tablet&quot;,&quot;mobile&quot;]}\" data-widget_type=\"divider.default\">\n\t\t\t\t<div class=\"elementor-widget-container\">\n\t\t\t\t\t<div class=\"elementor-divider\">\n\t\t\t<span class=\"elementor-divider-separator\">\n\t\t\t\t\t\t<\/span>\n\t\t<\/div>\n\t\t\t\t<\/div>\n\t\t\t\t<\/div>\n\t\t\t\t<div class=\"elementor-element elementor-element-9f9bb73 elementor-widget elementor-widget-text-editor\" data-id=\"9f9bb73\" data-element_type=\"widget\" data-widget_type=\"text-editor.default\">\n\t\t\t\t<div class=\"elementor-widget-container\">\n\t\t\t\t\t<div class=\"elementor-text-editor elementor-clearfix\"><div class=\"perfil_topo\"><div class=\"perfil_sobre\"><div class=\"perfil_sobre\">Fui salva pelo Senhor Jesus Cristo e, 26\/03\/1989, num culto ao ar livre. E no mesmo ano atrav\u00e9s das EBFs realizadas pela mission\u00e1ria Suede Viana, Deus tocou meu cora\u00e7\u00e3o para servi-lo na sua obra! Trabalhar na \u00c1frica. S\u00f3 n\u00e3o sabia qual seria o pa\u00eds.<\/div><div class=\"perfil_sobre\">Mas atrav\u00e9s do Pastor Pires de Paiva que esteve pastoreando a Igreja de Remanso-Bahia de 1996 a 2004; Deus me mostrou que o Campo era Mo\u00e7ambique!<\/div><div class=\"perfil_sobre\">Enquanto me preparava para ir para a \u00c1frica. Deus colocou no meu cora\u00e7\u00e3o, um imenso desejo de servi-Lo, na minha igreja local.<\/div><div class=\"perfil_sobre\">Dessa forma, com 11 anos fui batizada, com 12 anos comecei a trabalhar com adolescentes.<\/div><div class=\"perfil_sobre\">Depois, entrei no Semin\u00e1rio Batista do Cariri em 2004, terminando em 2007. No qual cursei Bacharel em Teologia com Habilita\u00e7\u00e3o em LIBRAS com o prop\u00f3sito de pregar a qualquer pessoa a Palavra de Deus; inclusive aquelas que n\u00e3o podem ouvir.<\/div><div class=\"perfil_sobre\">\u00a0<\/div><div class=\"perfil_sobre\">Em Abril de 2008 Deus me trouxe a Lavras da Mangabeira-CE, onde permaneci at\u00e9 31 de maio de 2010. No in\u00edcio n\u00e3o foi f\u00e1cil. Mas comecei a fazer muitas visitas, evangelismos e discipulados.<\/div><div class=\"perfil_sobre\">Era muito dif\u00edcil, pois n\u00e3o tinha nenhum material para trabalhar. Ent\u00e3o, comecei a preparar os estudos b\u00edblicos para discipulados e as li\u00e7\u00f5es para as crian\u00e7as!<\/div><div class=\"perfil_sobre\">A noite, ensinava de casa em casa, dando estudos b\u00edblicos para as mulheres. Saia pelas ruas convidando crian\u00e7as e procurando surdos.<\/div><div class=\"perfil_sobre\">Em 2010 entrei na Miss\u00e3o MBBF (Miss\u00e3o Batista Brasileira Fundamentalista). E em 2011 fiz a viagem de sondagem a Mo\u00e7ambique. Foi um tempo agrad\u00e1vel que confirmou o chamado de Deus para servi-Lo l\u00e1. Agora estou me preparando para retornar a Mo\u00e7ambique.<\/div><div>\u00a0<\/div><div class=\"perfil_sobre\">Enquanto isso, estou servindo ao Senhor em Uberaba-MG. Neste primeiro semestre tive a oportunidade de trabalhar na Igreja da F\u00e9 e do Calv\u00e1rio com crian\u00e7as, adolescentes, jovens e mulheres.<\/div><div>\u00a0<\/div><div class=\"perfil_sobre\">Com ensino na EBD, eventos, grupos de ora\u00e7\u00e3o e estudos b\u00edblicos. Orem pela ida a Mo\u00e7ambique em 2013. Meu objetivo \u00e9 levar os mo\u00e7ambicanos a terem um profundo relacionamento com Jesus Cristo.<\/div><div>\u00a0<\/div><\/div><\/div><div class=\"perfil_conteudo\"><div class=\"perfil_projetos\"><h3>\u00a0<\/h3><\/div><\/div><\/div>\n\t\t\t\t<\/div>\n\t\t\t\t<\/div>\n\t\t\t\t<div class=\"elementor-element elementor-element-b6881f2 elementor-align-left elementor-tablet-align-left elementor-mobile-align-left elementor-invisible elementor-widget elementor-widget-button\" data-id=\"b6881f2\" data-element_type=\"widget\" data-settings=\"{&quot;_animation&quot;:&quot;fadeIn&quot;}\" data-widget_type=\"button.default\">\n\t\t\t\t<div class=\"elementor-widget-container\">\n\t\t\t\t\t<div class=\"elementor-button-wrapper\">\n\t\t\t<a href=\"#\" class=\"elementor-button-link elementor-button elementor-size-sm\" role=\"button\">\n\t\t\t\t\t\t<span class=\"elementor-button-content-wrapper\">\n\t\t\t\t\t\t<span class=\"elementor-button-text\">Saiba Mais<\/span>\n\t\t<\/span>\n\t\t\t\t\t<\/a>\n\t\t<\/div>\n\t\t\t\t<\/div>\n\t\t\t\t<\/div>\n\t\t\t\t\t\t<\/div>\n\t\t\t\t\t<\/div>\n\t\t<\/div>\n\t\t\t\t\t\t\t\t<\/div>\n\t\t\t\t\t<\/div>\n\t\t<\/section>\n\t\t\t\t\t\t<\/div>\n\t\t\t\t\t<\/div>\n\t\t<\/div>\n\t\t\t\t\t\t\t\t<\/div>\n\t\t\t\t\t<\/div>\n\t\t<\/section>\n\t\t\t\t<section class=\"elementor-section elementor-top-section elementor-element elementor-element-47b8eb6 elementor-section-boxed elementor-section-height-default elementor-section-height-default\" data-id=\"47b8eb6\" data-element_type=\"section\" data-settings=\"{&quot;background_background&quot;:&quot;classic&quot;}\">\n\t\t\t\t\t\t<div class=\"elementor-container elementor-column-gap-default\">\n\t\t\t\t\t\t\t<div class=\"elementor-row\">\n\t\t\t\t\t<div class=\"elementor-column elementor-col-50 elementor-top-column elementor-element elementor-element-88219e9\" data-id=\"88219e9\" data-element_type=\"column\">\n\t\t\t<div class=\"elementor-column-wrap elementor-element-populated\">\n\t\t\t\t\t\t\t<div class=\"elementor-widget-wrap\">\n\t\t\t\t\t\t<section class=\"elementor-section elementor-inner-section elementor-element elementor-element-a2fd20d elementor-section-boxed elementor-section-height-default elementor-section-height-default\" data-id=\"a2fd20d\" data-element_type=\"section\">\n\t\t\t\t\t\t<div class=\"elementor-container elementor-column-gap-default\">\n\t\t\t\t\t\t\t<div class=\"elementor-row\">\n\t\t\t\t\t<div class=\"elementor-column elementor-col-100 elementor-inner-column elementor-element elementor-element-76bb0eb\" data-id=\"76bb0eb\" data-element_type=\"column\">\n\t\t\t<div class=\"elementor-column-wrap elementor-element-populated\">\n\t\t\t\t\t\t\t<div class=\"elementor-widget-wrap\">\n\t\t\t\t\t\t<div class=\"elementor-element elementor-element-3ec4a5d elementor-widget elementor-widget-heading\" data-id=\"3ec4a5d\" data-element_type=\"widget\" data-widget_type=\"heading.default\">\n\t\t\t\t<div class=\"elementor-widget-container\">\n\t\t\t<h3 class=\"elementor-heading-title elementor-size-default\">Evanio Palhares e Ada<\/h3>\t\t<\/div>\n\t\t\t\t<\/div>\n\t\t\t\t<div class=\"elementor-element elementor-element-14e988b elementor-widget-divider--view-line elementor-widget elementor-widget-divider\" data-id=\"14e988b\" data-element_type=\"widget\" data-settings=\"{&quot;motion_fx_motion_fx_scrolling&quot;:&quot;yes&quot;,&quot;motion_fx_translateX_effect&quot;:&quot;yes&quot;,&quot;motion_fx_translateX_speed&quot;:{&quot;unit&quot;:&quot;px&quot;,&quot;size&quot;:4,&quot;sizes&quot;:[]},&quot;motion_fx_translateX_affectedRange&quot;:{&quot;unit&quot;:&quot;%&quot;,&quot;size&quot;:&quot;&quot;,&quot;sizes&quot;:{&quot;start&quot;:0,&quot;end&quot;:100}},&quot;motion_fx_devices&quot;:[&quot;desktop&quot;,&quot;tablet&quot;,&quot;mobile&quot;]}\" data-widget_type=\"divider.default\">\n\t\t\t\t<div class=\"elementor-widget-container\">\n\t\t\t\t\t<div class=\"elementor-divider\">\n\t\t\t<span class=\"elementor-divider-separator\">\n\t\t\t\t\t\t<\/span>\n\t\t<\/div>\n\t\t\t\t<\/div>\n\t\t\t\t<\/div>\n\t\t\t\t<div class=\"elementor-element elementor-element-590530e elementor-widget elementor-widget-text-editor\" data-id=\"590530e\" data-element_type=\"widget\" data-widget_type=\"text-editor.default\">\n\t\t\t\t<div class=\"elementor-widget-container\">\n\t\t\t\t\t<div class=\"elementor-text-editor elementor-clearfix\"><p>Nasci em Porto Velho &#8211; Rondonia, e por ocasi\u00e3o do falecimento de meu pai, fui morar em Boca do Acre &#8211; Amazonas, cidade dos meus av\u00f3s maternos, onde tive contato com amigos da escola e de trabalho que me convidaram a assistir reuni\u00f5es na igreja e nos lares.<\/p><p>At\u00e9 que no dia 29 de setembro de 1991, ocasi\u00e3o em que havia um pastor visitando e pregando. E neste dia levantei minha m\u00e3o e fui \u00e0 frente n\u00e3o sabendo o que estava a fazer. Mas que, depois fui convidado por um di\u00e1cono para alguns conselhos e neste momento sim, quando ele me explicou o plano de salva\u00e7\u00e3o foi ent\u00e3o que entreguei minha vida ao Senhor.<\/p><p>E no dia 24 de maio de 1992, obedeci a ordenan\u00e7a de Cristo, quanto ao Batismo, sendo batizado, pelo pastor Pedro Morais de Farias. Que Tamb\u00e9m por sua vez, ajudou-me a andar na vida crist\u00e3 juntamente com toda a igreja batista de Boca do Acre que n\u00e3o somente colaborou com o crescimento da minha vida espiritual, semin\u00e1rio e at\u00e9 hoje colabora. Dou gra\u00e7as a Deus por estes irm\u00e3os.<\/p><p>Foi diante de uma vida muito envolvida com o minist\u00e9rio, que percebi que Deus me chamava para ser \u00fatil em seu minist\u00e9rio, primeiramente me preparando no SEBREN \u2013 Semin\u00e1rio Batista Regular do Norte em Ananindeua-PA (1996-2000).<\/p><p>E ainda como seminarista nas igrejas, Deus me deu oportunidades de lideran\u00e7a e entre elas, uma igreja que serviu de est\u00e1gio como tamb\u00e9m, Deus me conduziu a uma mo\u00e7a que nasceu em lar crist\u00e3o e que conheci. E que no dia 7 de abril de 2001, Deus me uniu a Ada Araci Dias Palhares .<\/p><p>E Assim Deus nos deu duas filhas preciosas: Fernanda e Melissa que muito tem contribu\u00eddo com nosso minist\u00e9rio (Ambas confessaram a Cristo como Senhor).<\/p><p>Logo, que me formei no final de 2000, assumi um pastorado de seis anos na Igreja Batista Regular Nova Filad\u00e9lfia em Ananindeua-PA.<\/p><p>E em 2007, Deus me despertou para o trabalho mission\u00e1rio come\u00e7ando em uma Agrovila chamada Nova Marambaia em S\u00e3o Francisco do Par\u00e1\/PA, onde Deus me ensinou muito.<\/p><p>Em 2011, colaboramos com uma congrega\u00e7\u00e3o em S\u00e3o Miguel do Guam\u00e1-PA.<\/p><p>Em 2013, colaboramos com um casal norte-americano que foi para os Estados Unidos por quatro meses.<\/p><p>Em 2013 Deus nos desafiou atrav\u00e9s da Igreja Batista Regular do Calv\u00e1rio em Ceilandia-DF, a colaborarmos a plantar uma igreja no Setor Habitacional Sol Nascente que no censo de 2012, dizia haver mais de 60.000 habitantes, onde estamos desde Fevereiro de 2014.<\/p><\/div>\n\t\t\t\t<\/div>\n\t\t\t\t<\/div>\n\t\t\t\t<div class=\"elementor-element elementor-element-e409bd8 elementor-align-left elementor-tablet-align-left elementor-mobile-align-left elementor-invisible elementor-widget elementor-widget-button\" data-id=\"e409bd8\" data-element_type=\"widget\" data-settings=\"{&quot;_animation&quot;:&quot;fadeIn&quot;}\" data-widget_type=\"button.default\">\n\t\t\t\t<div class=\"elementor-widget-container\">\n\t\t\t\t\t<div class=\"elementor-button-wrapper\">\n\t\t\t<a href=\"#\" class=\"elementor-button-link elementor-button elementor-size-sm\" role=\"button\">\n\t\t\t\t\t\t<span class=\"elementor-button-content-wrapper\">\n\t\t\t\t\t\t<span class=\"elementor-button-text\">Saiba Mais<\/span>\n\t\t<\/span>\n\t\t\t\t\t<\/a>\n\t\t<\/div>\n\t\t\t\t<\/div>\n\t\t\t\t<\/div>\n\t\t\t\t\t\t<\/div>\n\t\t\t\t\t<\/div>\n\t\t<\/div>\n\t\t\t\t\t\t\t\t<\/div>\n\t\t\t\t\t<\/div>\n\t\t<\/section>\n\t\t\t\t\t\t<\/div>\n\t\t\t\t\t<\/div>\n\t\t<\/div>\n\t\t\t\t<div class=\"elementor-column elementor-col-50 elementor-top-column elementor-element elementor-element-54ecb08\" data-id=\"54ecb08\" data-element_type=\"column\">\n\t\t\t<div class=\"elementor-column-wrap elementor-element-populated\">\n\t\t\t\t\t\t\t<div class=\"elementor-widget-wrap\">\n\t\t\t\t\t\t<div class=\"elementor-element elementor-element-44b804b elementor-widget elementor-widget-image\" data-id=\"44b804b\" data-element_type=\"widget\" data-widget_type=\"image.default\">\n\t\t\t\t<div class=\"elementor-widget-container\">\n\t\t\t\t\t<div class=\"elementor-image\">\n\t\t\t\t\t\t\t\t\t\t<img width=\"895\" height=\"670\" src=\"https:\/\/www.mbbf.org.br\/mbbf_blog\/wp-content\/uploads\/2020\/11\/Evanio-e-Ada-Palhares.png\" class=\"elementor-animation-float attachment-full size-full\" alt=\"\" decoding=\"async\" loading=\"lazy\" srcset=\"https:\/\/www.mbbf.org.br\/mbbf_blog\/wp-content\/uploads\/2020\/11\/Evanio-e-Ada-Palhares.png 895w, https:\/\/www.mbbf.org.br\/mbbf_blog\/wp-content\/uploads\/2020\/11\/Evanio-e-Ada-Palhares-300x225.png 300w, https:\/\/www.mbbf.org.br\/mbbf_blog\/wp-content\/uploads\/2020\/11\/Evanio-e-Ada-Palhares-768x575.png 768w\" sizes=\"(max-width: 895px) 100vw, 895px\" \/>\t\t\t\t\t\t\t\t\t\t\t<\/div>\n\t\t\t\t<\/div>\n\t\t\t\t<\/div>\n\t\t\t\t\t\t<\/div>\n\t\t\t\t\t<\/div>\n\t\t<\/div>\n\t\t\t\t\t\t\t\t<\/div>\n\t\t\t\t\t<\/div>\n\t\t<\/section>\n\t\t\t\t<section class=\"elementor-section elementor-top-section elementor-element elementor-element-d1763cb elementor-section-boxed elementor-section-height-default elementor-section-height-default\" data-id=\"d1763cb\" data-element_type=\"section\" data-settings=\"{&quot;background_background&quot;:&quot;classic&quot;}\">\n\t\t\t\t\t\t<div class=\"elementor-container elementor-column-gap-default\">\n\t\t\t\t\t\t\t<div class=\"elementor-row\">\n\t\t\t\t\t<div class=\"elementor-column elementor-col-50 elementor-top-column elementor-element elementor-element-e5c3f7b\" data-id=\"e5c3f7b\" data-element_type=\"column\">\n\t\t\t<div class=\"elementor-column-wrap elementor-element-populated\">\n\t\t\t\t\t\t\t<div class=\"elementor-widget-wrap\">\n\t\t\t\t\t\t<section class=\"elementor-section elementor-inner-section elementor-element elementor-element-0678f66 elementor-section-boxed elementor-section-height-default elementor-section-height-default\" data-id=\"0678f66\" data-element_type=\"section\">\n\t\t\t\t\t\t<div class=\"elementor-container elementor-column-gap-default\">\n\t\t\t\t\t\t\t<div class=\"elementor-row\">\n\t\t\t\t\t<div class=\"elementor-column elementor-col-100 elementor-inner-column elementor-element elementor-element-8fe86ad\" data-id=\"8fe86ad\" data-element_type=\"column\">\n\t\t\t<div class=\"elementor-column-wrap elementor-element-populated\">\n\t\t\t\t\t\t\t<div class=\"elementor-widget-wrap\">\n\t\t\t\t\t\t<div class=\"elementor-element elementor-element-310f7d7 elementor-widget elementor-widget-heading\" data-id=\"310f7d7\" data-element_type=\"widget\" data-widget_type=\"heading.default\">\n\t\t\t\t<div class=\"elementor-widget-container\">\n\t\t\t<h3 class=\"elementor-heading-title elementor-size-default\">Jefferson Quevedo e Epi<\/h3>\t\t<\/div>\n\t\t\t\t<\/div>\n\t\t\t\t<div class=\"elementor-element elementor-element-35f42d1 elementor-widget-divider--view-line elementor-widget elementor-widget-divider\" data-id=\"35f42d1\" data-element_type=\"widget\" data-settings=\"{&quot;motion_fx_motion_fx_scrolling&quot;:&quot;yes&quot;,&quot;motion_fx_translateX_effect&quot;:&quot;yes&quot;,&quot;motion_fx_translateX_speed&quot;:{&quot;unit&quot;:&quot;px&quot;,&quot;size&quot;:4,&quot;sizes&quot;:[]},&quot;motion_fx_translateX_affectedRange&quot;:{&quot;unit&quot;:&quot;%&quot;,&quot;size&quot;:&quot;&quot;,&quot;sizes&quot;:{&quot;start&quot;:0,&quot;end&quot;:100}},&quot;motion_fx_devices&quot;:[&quot;desktop&quot;,&quot;tablet&quot;,&quot;mobile&quot;]}\" data-widget_type=\"divider.default\">\n\t\t\t\t<div class=\"elementor-widget-container\">\n\t\t\t\t\t<div class=\"elementor-divider\">\n\t\t\t<span class=\"elementor-divider-separator\">\n\t\t\t\t\t\t<\/span>\n\t\t<\/div>\n\t\t\t\t<\/div>\n\t\t\t\t<\/div>\n\t\t\t\t<div class=\"elementor-element elementor-element-542952a elementor-widget elementor-widget-text-editor\" data-id=\"542952a\" data-element_type=\"widget\" data-widget_type=\"text-editor.default\">\n\t\t\t\t<div class=\"elementor-widget-container\">\n\t\t\t\t\t<div class=\"elementor-text-editor elementor-clearfix\"><p>Formado pelo SBRS em 1987, pastoreou a Igreja Batista Bereana em S. J. dos Pinhais (PR), depois a Primeira IBR de Curitiba em seguida a IBR Emanuel, em Rio Branco, Acre. E ainda a Primeira IBR de Ca\u00e7apava, SP. E depois dando continuidade no trabalho da Igreja Batista de Mau\u00e1 da Serra. Em todos estes anos, buscou servir a Deus com fidelidade mas com um cora\u00e7\u00e3o sempre voltado para a obra mission\u00e1ria.<\/p><p>Com toda esta experiencia de minist\u00e9rio, e a chama de miss\u00f5es em seu cora\u00e7\u00e3o, pastor Jefferson entendeu que devia voltar ao plano inicial de miss\u00f5es aos povos N\u00e3o-alcan\u00e7ados.<\/p><p>Deus tem colocado a \u00cdndia em seu cora\u00e7\u00e3o. Ele fez uma visita com sua esposa, nos meses de outubro a dezembro de 2009 com objetivo de conhecer o campo.<\/p><p>Agora o alvo \u00e9 compartilhar aqui no Brasil como nossas Igrejas Batistas Regulares podem erguer os olhos para al\u00e9m das nossas fronteiras.<\/p><p>OREM POR ELES E OREM PELA \u00cdNDIA<\/p><\/div>\n\t\t\t\t<\/div>\n\t\t\t\t<\/div>\n\t\t\t\t<div class=\"elementor-element elementor-element-f6300dd elementor-align-left elementor-tablet-align-left elementor-mobile-align-left elementor-invisible elementor-widget elementor-widget-button\" data-id=\"f6300dd\" data-element_type=\"widget\" data-settings=\"{&quot;_animation&quot;:&quot;fadeIn&quot;}\" data-widget_type=\"button.default\">\n\t\t\t\t<div class=\"elementor-widget-container\">\n\t\t\t\t\t<div class=\"elementor-button-wrapper\">\n\t\t\t<a href=\"#\" class=\"elementor-button-link elementor-button elementor-size-sm\" role=\"button\">\n\t\t\t\t\t\t<span class=\"elementor-button-content-wrapper\">\n\t\t\t\t\t\t<span class=\"elementor-button-text\">Saiba Mais<\/span>\n\t\t<\/span>\n\t\t\t\t\t<\/a>\n\t\t<\/div>\n\t\t\t\t<\/div>\n\t\t\t\t<\/div>\n\t\t\t\t\t\t<\/div>\n\t\t\t\t\t<\/div>\n\t\t<\/div>\n\t\t\t\t\t\t\t\t<\/div>\n\t\t\t\t\t<\/div>\n\t\t<\/section>\n\t\t\t\t\t\t<\/div>\n\t\t\t\t\t<\/div>\n\t\t<\/div>\n\t\t\t\t<div class=\"elementor-column elementor-col-50 elementor-top-column elementor-element elementor-element-b206a86\" data-id=\"b206a86\" data-element_type=\"column\">\n\t\t\t<div class=\"elementor-column-wrap elementor-element-populated\">\n\t\t\t\t\t\t\t<div class=\"elementor-widget-wrap\">\n\t\t\t\t\t\t<div class=\"elementor-element elementor-element-d44a856 elementor-widget elementor-widget-image\" data-id=\"d44a856\" data-element_type=\"widget\" data-widget_type=\"image.default\">\n\t\t\t\t<div class=\"elementor-widget-container\">\n\t\t\t\t\t<div class=\"elementor-image\">\n\t\t\t\t\t\t\t\t\t\t<img width=\"856\" height=\"705\" src=\"https:\/\/www.mbbf.org.br\/mbbf_blog\/wp-content\/uploads\/2020\/11\/Jefferson-e-Epi.png\" class=\"elementor-animation-float attachment-full size-full\" alt=\"\" decoding=\"async\" loading=\"lazy\" srcset=\"https:\/\/www.mbbf.org.br\/mbbf_blog\/wp-content\/uploads\/2020\/11\/Jefferson-e-Epi.png 856w, https:\/\/www.mbbf.org.br\/mbbf_blog\/wp-content\/uploads\/2020\/11\/Jefferson-e-Epi-300x247.png 300w, https:\/\/www.mbbf.org.br\/mbbf_blog\/wp-content\/uploads\/2020\/11\/Jefferson-e-Epi-768x633.png 768w\" sizes=\"(max-width: 856px) 100vw, 856px\" \/>\t\t\t\t\t\t\t\t\t\t\t<\/div>\n\t\t\t\t<\/div>\n\t\t\t\t<\/div>\n\t\t\t\t\t\t<\/div>\n\t\t\t\t\t<\/div>\n\t\t<\/div>\n\t\t\t\t\t\t\t\t<\/div>\n\t\t\t\t\t<\/div>\n\t\t<\/section>\n\t\t\t\t<section class=\"elementor-section elementor-top-section elementor-element elementor-element-18df485 elementor-section-boxed elementor-section-height-default elementor-section-height-default\" data-id=\"18df485\" data-element_type=\"section\" data-settings=\"{&quot;background_background&quot;:&quot;classic&quot;}\">\n\t\t\t\t\t\t<div class=\"elementor-container elementor-column-gap-default\">\n\t\t\t\t\t\t\t<div class=\"elementor-row\">\n\t\t\t\t\t<div class=\"elementor-column elementor-col-50 elementor-top-column elementor-element elementor-element-99fd58d\" data-id=\"99fd58d\" data-element_type=\"column\">\n\t\t\t<div class=\"elementor-column-wrap elementor-element-populated\">\n\t\t\t\t\t\t\t<div class=\"elementor-widget-wrap\">\n\t\t\t\t\t\t<div class=\"elementor-element elementor-element-f5efd4e elementor-widget elementor-widget-image\" data-id=\"f5efd4e\" data-element_type=\"widget\" data-widget_type=\"image.default\">\n\t\t\t\t<div class=\"elementor-widget-container\">\n\t\t\t\t\t<div class=\"elementor-image\">\n\t\t\t\t\t\t\t\t\t\t<img width=\"729\" height=\"791\" src=\"https:\/\/www.mbbf.org.br\/mbbf_blog\/wp-content\/uploads\/2020\/11\/Alexandre-Agostini.png\" class=\"elementor-animation-float attachment-full size-full\" alt=\"\" decoding=\"async\" loading=\"lazy\" srcset=\"https:\/\/www.mbbf.org.br\/mbbf_blog\/wp-content\/uploads\/2020\/11\/Alexandre-Agostini.png 729w, https:\/\/www.mbbf.org.br\/mbbf_blog\/wp-content\/uploads\/2020\/11\/Alexandre-Agostini-276x300.png 276w\" sizes=\"(max-width: 729px) 100vw, 729px\" \/>\t\t\t\t\t\t\t\t\t\t\t<\/div>\n\t\t\t\t<\/div>\n\t\t\t\t<\/div>\n\t\t\t\t\t\t<\/div>\n\t\t\t\t\t<\/div>\n\t\t<\/div>\n\t\t\t\t<div class=\"elementor-column elementor-col-50 elementor-top-column elementor-element elementor-element-571bba7\" data-id=\"571bba7\" data-element_type=\"column\">\n\t\t\t<div class=\"elementor-column-wrap elementor-element-populated\">\n\t\t\t\t\t\t\t<div class=\"elementor-widget-wrap\">\n\t\t\t\t\t\t<section class=\"elementor-section elementor-inner-section elementor-element elementor-element-a208f00 elementor-section-boxed elementor-section-height-default elementor-section-height-default\" data-id=\"a208f00\" data-element_type=\"section\">\n\t\t\t\t\t\t<div class=\"elementor-container elementor-column-gap-default\">\n\t\t\t\t\t\t\t<div class=\"elementor-row\">\n\t\t\t\t\t<div class=\"elementor-column elementor-col-100 elementor-inner-column elementor-element elementor-element-829bd4e\" data-id=\"829bd4e\" data-element_type=\"column\">\n\t\t\t<div class=\"elementor-column-wrap elementor-element-populated\">\n\t\t\t\t\t\t\t<div class=\"elementor-widget-wrap\">\n\t\t\t\t\t\t<div class=\"elementor-element elementor-element-3330842 elementor-widget elementor-widget-heading\" data-id=\"3330842\" data-element_type=\"widget\" data-widget_type=\"heading.default\">\n\t\t\t\t<div class=\"elementor-widget-container\">\n\t\t\t<h3 class=\"elementor-heading-title elementor-size-default\">Alexandre Ferreira Agostini<\/h3>\t\t<\/div>\n\t\t\t\t<\/div>\n\t\t\t\t<div class=\"elementor-element elementor-element-9439c84 elementor-widget-divider--view-line elementor-widget elementor-widget-divider\" data-id=\"9439c84\" data-element_type=\"widget\" data-settings=\"{&quot;motion_fx_motion_fx_scrolling&quot;:&quot;yes&quot;,&quot;motion_fx_translateX_effect&quot;:&quot;yes&quot;,&quot;motion_fx_translateX_speed&quot;:{&quot;unit&quot;:&quot;px&quot;,&quot;size&quot;:4,&quot;sizes&quot;:[]},&quot;motion_fx_translateX_affectedRange&quot;:{&quot;unit&quot;:&quot;%&quot;,&quot;size&quot;:&quot;&quot;,&quot;sizes&quot;:{&quot;start&quot;:0,&quot;end&quot;:100}},&quot;motion_fx_devices&quot;:[&quot;desktop&quot;,&quot;tablet&quot;,&quot;mobile&quot;]}\" data-widget_type=\"divider.default\">\n\t\t\t\t<div class=\"elementor-widget-container\">\n\t\t\t\t\t<div class=\"elementor-divider\">\n\t\t\t<span class=\"elementor-divider-separator\">\n\t\t\t\t\t\t<\/span>\n\t\t<\/div>\n\t\t\t\t<\/div>\n\t\t\t\t<\/div>\n\t\t\t\t<div class=\"elementor-element elementor-element-0470254 elementor-widget elementor-widget-text-editor\" data-id=\"0470254\" data-element_type=\"widget\" data-widget_type=\"text-editor.default\">\n\t\t\t\t<div class=\"elementor-widget-container\">\n\t\t\t\t\t<div class=\"elementor-text-editor elementor-clearfix\"><div class=\"perfil_topo\"><div class=\"perfil_sobre\"><div class=\"perfil_sobre\">Formado no Semin\u00e1rio Batista Regular do Sul (SBRS) em 2005. \u00c9 enviado pela Igreja Batista Calv\u00e1rio de Sorocaba para iniciar o &#8216;Projeto Mission\u00e1rio Habiteto&#8217; o qual nasceu em maio de 2007, devido a car\u00eancia do ensino da Palavra de Deus \u00e0s crian\u00e7as.\u00a0 \u00a0 \u00a0 \u00a0 \u00a0 \u00a0 \u00a0 \u00a0 \u00a0 \u00a0 \u00a0 \u00a0 \u00a0 \u00a0 \u00a0 \u00a0 \u00a0 \u00a0 \u00a0 \u00a0 \u00a0 \u00a0 \u00a0 \u00a0 \u00a0 \u00a0 \u00a0 \u00a0 \u00a0 \u00a0 \u00a0 \u00a0 \u00a0 \u00a0 Inicialmente, realizavam encontros mensais no bairro. O Senhor providenciou um sal\u00e3o na comunidade, e estas reuni\u00f5es passaram a ser semanais e agora utilizam o sal\u00e3o da escola do bairro. Hoje j\u00e1 possuem uma igreja constituida, a Igreja Batista da F\u00e9. Pr. Alexandre tem como objetivo agora completar os pagamentos do terreno j\u00e1 comprado para a constru\u00e7\u00e3o da igreja. Ele Ingressou na MBBF em 2010.\u00a0 \u00a0 \u00a0<\/div><\/div><\/div><\/div>\n\t\t\t\t<\/div>\n\t\t\t\t<\/div>\n\t\t\t\t<div class=\"elementor-element elementor-element-42eba39 elementor-align-left elementor-tablet-align-left elementor-mobile-align-left elementor-invisible elementor-widget elementor-widget-button\" data-id=\"42eba39\" data-element_type=\"widget\" data-settings=\"{&quot;_animation&quot;:&quot;fadeIn&quot;}\" data-widget_type=\"button.default\">\n\t\t\t\t<div class=\"elementor-widget-container\">\n\t\t\t\t\t<div class=\"elementor-button-wrapper\">\n\t\t\t<a href=\"#\" class=\"elementor-button-link elementor-button elementor-size-sm\" role=\"button\">\n\t\t\t\t\t\t<span class=\"elementor-button-content-wrapper\">\n\t\t\t\t\t\t<span class=\"elementor-button-text\">Saiba Mais<\/span>\n\t\t<\/span>\n\t\t\t\t\t<\/a>\n\t\t<\/div>\n\t\t\t\t<\/div>\n\t\t\t\t<\/div>\n\t\t\t\t\t\t<\/div>\n\t\t\t\t\t<\/div>\n\t\t<\/div>\n\t\t\t\t\t\t\t\t<\/div>\n\t\t\t\t\t<\/div>\n\t\t<\/section>\n\t\t\t\t\t\t<\/div>\n\t\t\t\t\t<\/div>\n\t\t<\/div>\n\t\t\t\t\t\t\t\t<\/div>\n\t\t\t\t\t<\/div>\n\t\t<\/section>\n\t\t\t\t<section class=\"elementor-section elementor-top-section elementor-element elementor-element-db8da52 elementor-section-boxed elementor-section-height-default elementor-section-height-default\" data-id=\"db8da52\" data-element_type=\"section\" data-settings=\"{&quot;background_background&quot;:&quot;classic&quot;}\">\n\t\t\t\t\t\t<div class=\"elementor-container elementor-column-gap-default\">\n\t\t\t\t\t\t\t<div class=\"elementor-row\">\n\t\t\t\t\t<div class=\"elementor-column elementor-col-50 elementor-top-column elementor-element elementor-element-fbcc250\" data-id=\"fbcc250\" data-element_type=\"column\">\n\t\t\t<div class=\"elementor-column-wrap elementor-element-populated\">\n\t\t\t\t\t\t\t<div class=\"elementor-widget-wrap\">\n\t\t\t\t\t\t<section class=\"elementor-section elementor-inner-section elementor-element elementor-element-b3ae612 elementor-section-boxed elementor-section-height-default elementor-section-height-default\" data-id=\"b3ae612\" data-element_type=\"section\">\n\t\t\t\t\t\t<div class=\"elementor-container elementor-column-gap-default\">\n\t\t\t\t\t\t\t<div class=\"elementor-row\">\n\t\t\t\t\t<div class=\"elementor-column elementor-col-100 elementor-inner-column elementor-element elementor-element-2eb120c\" data-id=\"2eb120c\" data-element_type=\"column\">\n\t\t\t<div class=\"elementor-column-wrap elementor-element-populated\">\n\t\t\t\t\t\t\t<div class=\"elementor-widget-wrap\">\n\t\t\t\t\t\t<div class=\"elementor-element elementor-element-1c70010 elementor-widget elementor-widget-heading\" data-id=\"1c70010\" data-element_type=\"widget\" data-widget_type=\"heading.default\">\n\t\t\t\t<div class=\"elementor-widget-container\">\n\t\t\t<h3 class=\"elementor-heading-title elementor-size-default\">Rodinele Andrade e Elizabet<\/h3>\t\t<\/div>\n\t\t\t\t<\/div>\n\t\t\t\t<div class=\"elementor-element elementor-element-27951c2 elementor-widget-divider--view-line elementor-widget elementor-widget-divider\" data-id=\"27951c2\" data-element_type=\"widget\" data-settings=\"{&quot;motion_fx_motion_fx_scrolling&quot;:&quot;yes&quot;,&quot;motion_fx_translateX_effect&quot;:&quot;yes&quot;,&quot;motion_fx_translateX_speed&quot;:{&quot;unit&quot;:&quot;px&quot;,&quot;size&quot;:4,&quot;sizes&quot;:[]},&quot;motion_fx_translateX_affectedRange&quot;:{&quot;unit&quot;:&quot;%&quot;,&quot;size&quot;:&quot;&quot;,&quot;sizes&quot;:{&quot;start&quot;:0,&quot;end&quot;:100}},&quot;motion_fx_devices&quot;:[&quot;desktop&quot;,&quot;tablet&quot;,&quot;mobile&quot;]}\" data-widget_type=\"divider.default\">\n\t\t\t\t<div class=\"elementor-widget-container\">\n\t\t\t\t\t<div class=\"elementor-divider\">\n\t\t\t<span class=\"elementor-divider-separator\">\n\t\t\t\t\t\t<\/span>\n\t\t<\/div>\n\t\t\t\t<\/div>\n\t\t\t\t<\/div>\n\t\t\t\t<div class=\"elementor-element elementor-element-85c77d7 elementor-widget elementor-widget-text-editor\" data-id=\"85c77d7\" data-element_type=\"widget\" data-widget_type=\"text-editor.default\">\n\t\t\t\t<div class=\"elementor-widget-container\">\n\t\t\t\t\t<div class=\"elementor-text-editor elementor-clearfix\"><p>Rodinele e Elizabet se encontraram no Semin\u00e1rio Batista Regular do Sul, onde estudaram e se formaram em 2001. Depois de uma pequena estada no Rio Grande do Sul, a Igreja Batista do Jd. Florence, em Campinas, SP, onde agora sao membros, sabendo do seu interesse pelo trabalho mission\u00e1rio, os convidou a visitarem a Serra da Canastra. Eles serviram ao Senhor neste campo durante cerca de 9 anos e tiveram 2 filhos, Sheifer e Hadassa al\u00e9m de muitos filhos e filhas espirituais.\u00a0 \u00a0 \u00a0 \u00a0 \u00a0 \u00a0 \u00a0 \u00a0 \u00a0 \u00a0 \u00a0 \u00a0 \u00a0 \u00a0 \u00a0 \u00a0 \u00a0 \u00a0 \u00a0 \u00a0 \u00a0 \u00a0 \u00a0 \u00a0 \u00a0 \u00a0 \u00a0 \u00a0 \u00a0 \u00a0 \u00a0 \u00a0 \u00a0 \u00a0 \u00a0 \u00a0 \u00a0 \u00a0 \u00a0 \u00a0 \u00a0 \u00a0 \u00a0 \u00a0 \u00a0 \u00a0 \u00a0 \u00a0 \u00a0 \u00a0 \u00a0 \u00a0 \u00a0 \u00a0 \u00a0 \u00a0 \u00a0 \u00a0 \u00a0 \u00a0 \u00a0 \u00a0 \u00a0 \u00a0 Formaram a Primeira Igreja Batista da Canastra a qual tamb\u00e9m gerou uma &#8216;filha&#8217; na cidade vizinha de Vargem Bonita. Desde janeiro de 2011, eles est\u00e3o na cidade de Tatu\u00ed (SP), para plantar uma nova igreja Batista. Rodinele e Elizabet se tornaram mission\u00e1rios da MBBF em dezembro de 2006.\u00a0 \u00a0 \u00a0 \u00a0 \u00a0 \u00a0 \u00a0 \u00a0 \u00a0 \u00a0 \u00a0 \u00a0 \u00a0<\/p><\/div>\n\t\t\t\t<\/div>\n\t\t\t\t<\/div>\n\t\t\t\t<div class=\"elementor-element elementor-element-f7bc4d7 elementor-align-left elementor-tablet-align-left elementor-mobile-align-left elementor-invisible elementor-widget elementor-widget-button\" data-id=\"f7bc4d7\" data-element_type=\"widget\" data-settings=\"{&quot;_animation&quot;:&quot;fadeIn&quot;}\" data-widget_type=\"button.default\">\n\t\t\t\t<div class=\"elementor-widget-container\">\n\t\t\t\t\t<div class=\"elementor-button-wrapper\">\n\t\t\t<a href=\"#\" class=\"elementor-button-link elementor-button elementor-size-sm\" role=\"button\">\n\t\t\t\t\t\t<span class=\"elementor-button-content-wrapper\">\n\t\t\t\t\t\t<span class=\"elementor-button-text\">Saiba Mais<\/span>\n\t\t<\/span>\n\t\t\t\t\t<\/a>\n\t\t<\/div>\n\t\t\t\t<\/div>\n\t\t\t\t<\/div>\n\t\t\t\t\t\t<\/div>\n\t\t\t\t\t<\/div>\n\t\t<\/div>\n\t\t\t\t\t\t\t\t<\/div>\n\t\t\t\t\t<\/div>\n\t\t<\/section>\n\t\t\t\t\t\t<\/div>\n\t\t\t\t\t<\/div>\n\t\t<\/div>\n\t\t\t\t<div class=\"elementor-column elementor-col-50 elementor-top-column elementor-element elementor-element-c39778b\" data-id=\"c39778b\" data-element_type=\"column\">\n\t\t\t<div class=\"elementor-column-wrap elementor-element-populated\">\n\t\t\t\t\t\t\t<div class=\"elementor-widget-wrap\">\n\t\t\t\t\t\t<div class=\"elementor-element elementor-element-6855c36 elementor-widget elementor-widget-image\" data-id=\"6855c36\" data-element_type=\"widget\" data-widget_type=\"image.default\">\n\t\t\t\t<div class=\"elementor-widget-container\">\n\t\t\t\t\t<div class=\"elementor-image\">\n\t\t\t\t\t\t\t\t\t\t<img width=\"1454\" height=\"1090\" src=\"https:\/\/www.mbbf.org.br\/mbbf_blog\/wp-content\/uploads\/2020\/11\/Rodinele-e-Elizabet-Andrade.png\" class=\"elementor-animation-float attachment-full size-full\" alt=\"\" decoding=\"async\" loading=\"lazy\" srcset=\"https:\/\/www.mbbf.org.br\/mbbf_blog\/wp-content\/uploads\/2020\/11\/Rodinele-e-Elizabet-Andrade.png 1454w, https:\/\/www.mbbf.org.br\/mbbf_blog\/wp-content\/uploads\/2020\/11\/Rodinele-e-Elizabet-Andrade-300x225.png 300w, https:\/\/www.mbbf.org.br\/mbbf_blog\/wp-content\/uploads\/2020\/11\/Rodinele-e-Elizabet-Andrade-1024x768.png 1024w, https:\/\/www.mbbf.org.br\/mbbf_blog\/wp-content\/uploads\/2020\/11\/Rodinele-e-Elizabet-Andrade-768x576.png 768w\" sizes=\"(max-width: 1454px) 100vw, 1454px\" \/>\t\t\t\t\t\t\t\t\t\t\t<\/div>\n\t\t\t\t<\/div>\n\t\t\t\t<\/div>\n\t\t\t\t\t\t<\/div>\n\t\t\t\t\t<\/div>\n\t\t<\/div>\n\t\t\t\t\t\t\t\t<\/div>\n\t\t\t\t\t<\/div>\n\t\t<\/section>\n\t\t\t\t<section class=\"elementor-section elementor-top-section elementor-element elementor-element-8a3b8a3 elementor-section-boxed elementor-section-height-default elementor-section-height-default\" data-id=\"8a3b8a3\" data-element_type=\"section\" data-settings=\"{&quot;background_background&quot;:&quot;classic&quot;}\">\n\t\t\t\t\t\t<div class=\"elementor-container elementor-column-gap-default\">\n\t\t\t\t\t\t\t<div class=\"elementor-row\">\n\t\t\t\t\t<div class=\"elementor-column elementor-col-50 elementor-top-column elementor-element elementor-element-a2b6580\" data-id=\"a2b6580\" data-element_type=\"column\">\n\t\t\t<div class=\"elementor-column-wrap elementor-element-populated\">\n\t\t\t\t\t\t\t<div class=\"elementor-widget-wrap\">\n\t\t\t\t\t\t<section class=\"elementor-section elementor-inner-section elementor-element elementor-element-6365896 elementor-section-boxed elementor-section-height-default elementor-section-height-default\" data-id=\"6365896\" data-element_type=\"section\">\n\t\t\t\t\t\t<div class=\"elementor-container elementor-column-gap-default\">\n\t\t\t\t\t\t\t<div class=\"elementor-row\">\n\t\t\t\t\t<div class=\"elementor-column elementor-col-100 elementor-inner-column elementor-element elementor-element-ba0f782\" data-id=\"ba0f782\" data-element_type=\"column\">\n\t\t\t<div class=\"elementor-column-wrap elementor-element-populated\">\n\t\t\t\t\t\t\t<div class=\"elementor-widget-wrap\">\n\t\t\t\t\t\t<div class=\"elementor-element elementor-element-cf49002 elementor-widget elementor-widget-heading\" data-id=\"cf49002\" data-element_type=\"widget\" data-widget_type=\"heading.default\">\n\t\t\t\t<div class=\"elementor-widget-container\">\n\t\t\t<h3 class=\"elementor-heading-title elementor-size-default\">M\u00e1rio bot\u00e3o e Juliana<\/h3>\t\t<\/div>\n\t\t\t\t<\/div>\n\t\t\t\t<div class=\"elementor-element elementor-element-36ccbc8 elementor-widget-divider--view-line elementor-widget elementor-widget-divider\" data-id=\"36ccbc8\" data-element_type=\"widget\" data-settings=\"{&quot;motion_fx_motion_fx_scrolling&quot;:&quot;yes&quot;,&quot;motion_fx_translateX_effect&quot;:&quot;yes&quot;,&quot;motion_fx_translateX_speed&quot;:{&quot;unit&quot;:&quot;px&quot;,&quot;size&quot;:4,&quot;sizes&quot;:[]},&quot;motion_fx_translateX_affectedRange&quot;:{&quot;unit&quot;:&quot;%&quot;,&quot;size&quot;:&quot;&quot;,&quot;sizes&quot;:{&quot;start&quot;:0,&quot;end&quot;:100}},&quot;motion_fx_devices&quot;:[&quot;desktop&quot;,&quot;tablet&quot;,&quot;mobile&quot;]}\" data-widget_type=\"divider.default\">\n\t\t\t\t<div class=\"elementor-widget-container\">\n\t\t\t\t\t<div class=\"elementor-divider\">\n\t\t\t<span class=\"elementor-divider-separator\">\n\t\t\t\t\t\t<\/span>\n\t\t<\/div>\n\t\t\t\t<\/div>\n\t\t\t\t<\/div>\n\t\t\t\t<div class=\"elementor-element elementor-element-77c32d1 elementor-widget elementor-widget-text-editor\" data-id=\"77c32d1\" data-element_type=\"widget\" data-widget_type=\"text-editor.default\">\n\t\t\t\t<div class=\"elementor-widget-container\">\n\t\t\t\t\t<div class=\"elementor-text-editor elementor-clearfix\"><p>Pr. M\u00e1rio Bot\u00e3o e Juliana, s\u00e3o membros da Igreja Batista Betel em S\u00e3o Paulo.<\/p><p>Ele \u00e9 formado no curso de Bacharel em Teologia pelo Semin\u00e1rio Batista Esperan\u00e7a.<\/p><p>Ministraram durante algum tempo na cidade de Diamantina, interior de Minas Gerais. Atualmente est\u00e3o servindo a Deus, na Igreja Batista Regular de Jaguaria\u00edva.<\/p><p>Este \u00e9 um projeto evangel\u00edstico, onde ajudar\u00e3o no crescimento da igreja, na sua organiza\u00e7\u00e3o, como tamb\u00e9m na evangeliza\u00e7\u00e3o de almas e discipulados.<\/p><\/div>\n\t\t\t\t<\/div>\n\t\t\t\t<\/div>\n\t\t\t\t<div class=\"elementor-element elementor-element-60215f5 elementor-align-left elementor-tablet-align-left elementor-mobile-align-left elementor-invisible elementor-widget elementor-widget-button\" data-id=\"60215f5\" data-element_type=\"widget\" data-settings=\"{&quot;_animation&quot;:&quot;fadeIn&quot;}\" data-widget_type=\"button.default\">\n\t\t\t\t<div class=\"elementor-widget-container\">\n\t\t\t\t\t<div class=\"elementor-button-wrapper\">\n\t\t\t<a href=\"#\" class=\"elementor-button-link elementor-button elementor-size-sm\" role=\"button\">\n\t\t\t\t\t\t<span class=\"elementor-button-content-wrapper\">\n\t\t\t\t\t\t<span class=\"elementor-button-text\">Saiba Mais<\/span>\n\t\t<\/span>\n\t\t\t\t\t<\/a>\n\t\t<\/div>\n\t\t\t\t<\/div>\n\t\t\t\t<\/div>\n\t\t\t\t\t\t<\/div>\n\t\t\t\t\t<\/div>\n\t\t<\/div>\n\t\t\t\t\t\t\t\t<\/div>\n\t\t\t\t\t<\/div>\n\t\t<\/section>\n\t\t\t\t\t\t<\/div>\n\t\t\t\t\t<\/div>\n\t\t<\/div>\n\t\t\t\t<div class=\"elementor-column elementor-col-50 elementor-top-column elementor-element elementor-element-25b6d98\" data-id=\"25b6d98\" data-element_type=\"column\">\n\t\t\t<div class=\"elementor-column-wrap elementor-element-populated\">\n\t\t\t\t\t\t\t<div class=\"elementor-widget-wrap\">\n\t\t\t\t\t\t<div class=\"elementor-element elementor-element-768a351 elementor-widget elementor-widget-image\" data-id=\"768a351\" data-element_type=\"widget\" data-widget_type=\"image.default\">\n\t\t\t\t<div class=\"elementor-widget-container\">\n\t\t\t\t\t<div class=\"elementor-image\">\n\t\t\t\t\t\t\t\t\t\t<img width=\"892\" height=\"669\" src=\"https:\/\/www.mbbf.org.br\/mbbf_blog\/wp-content\/uploads\/2020\/11\/Mario-Botao-e-Juliana.png\" class=\"elementor-animation-float attachment-full size-full\" alt=\"\" decoding=\"async\" loading=\"lazy\" srcset=\"https:\/\/www.mbbf.org.br\/mbbf_blog\/wp-content\/uploads\/2020\/11\/Mario-Botao-e-Juliana.png 892w, https:\/\/www.mbbf.org.br\/mbbf_blog\/wp-content\/uploads\/2020\/11\/Mario-Botao-e-Juliana-300x225.png 300w, https:\/\/www.mbbf.org.br\/mbbf_blog\/wp-content\/uploads\/2020\/11\/Mario-Botao-e-Juliana-768x576.png 768w\" sizes=\"(max-width: 892px) 100vw, 892px\" \/>\t\t\t\t\t\t\t\t\t\t\t<\/div>\n\t\t\t\t<\/div>\n\t\t\t\t<\/div>\n\t\t\t\t\t\t<\/div>\n\t\t\t\t\t<\/div>\n\t\t<\/div>\n\t\t\t\t\t\t\t\t<\/div>\n\t\t\t\t\t<\/div>\n\t\t<\/section>\n\t\t\t\t<section class=\"elementor-section elementor-top-section elementor-element elementor-element-1649b8a elementor-section-boxed elementor-section-height-default elementor-section-height-default\" data-id=\"1649b8a\" data-element_type=\"section\" data-settings=\"{&quot;background_background&quot;:&quot;classic&quot;,&quot;background_motion_fx_motion_fx_scrolling&quot;:&quot;yes&quot;,&quot;background_motion_fx_translateX_effect&quot;:&quot;yes&quot;,&quot;background_motion_fx_motion_fx_mouse&quot;:&quot;yes&quot;,&quot;background_motion_fx_translateX_speed&quot;:{&quot;unit&quot;:&quot;px&quot;,&quot;size&quot;:4,&quot;sizes&quot;:[]},&quot;background_motion_fx_translateX_affectedRange&quot;:{&quot;unit&quot;:&quot;%&quot;,&quot;size&quot;:&quot;&quot;,&quot;sizes&quot;:{&quot;start&quot;:0,&quot;end&quot;:100}},&quot;background_motion_fx_devices&quot;:[&quot;desktop&quot;,&quot;tablet&quot;,&quot;mobile&quot;]}\">\n\t\t\t\t\t\t\t<div class=\"elementor-background-overlay\"><\/div>\n\t\t\t\t\t\t\t<div class=\"elementor-container elementor-column-gap-default\">\n\t\t\t\t\t\t\t<div class=\"elementor-row\">\n\t\t\t\t\t<div class=\"elementor-column elementor-col-100 elementor-top-column elementor-element elementor-element-fc03dcd\" data-id=\"fc03dcd\" data-element_type=\"column\">\n\t\t\t<div class=\"elementor-column-wrap elementor-element-populated\">\n\t\t\t\t\t\t\t<div class=\"elementor-widget-wrap\">\n\t\t\t\t\t\t<div class=\"elementor-element elementor-element-44e71d5 elementor-widget elementor-widget-heading\" data-id=\"44e71d5\" data-element_type=\"widget\" data-widget_type=\"heading.default\">\n\t\t\t\t<div class=\"elementor-widget-container\">\n\t\t\t<h3 class=\"elementor-heading-title elementor-size-default\">Erguei os vossos olhos e vede os campos que j\u00e1 branquejam para a ceifa<\/h3>\t\t<\/div>\n\t\t\t\t<\/div>\n\t\t\t\t<div class=\"elementor-element elementor-element-7f14e78 elementor-widget elementor-widget-text-editor\" data-id=\"7f14e78\" data-element_type=\"widget\" data-widget_type=\"text-editor.default\">\n\t\t\t\t<div class=\"elementor-widget-container\">\n\t\t\t\t\t<div class=\"elementor-text-editor elementor-clearfix\"><p>&#8220;N\u00e3o s\u00e3o os grandes homens que transformam o mundo,\u00a0<br \/><span style=\"font-size: 20px;\">mas sim os fracos e pequenos nas m\u00e3os de um grande Deus.&#8221;\u00a0<\/span><\/p><p><span style=\"font-size: 20px;\">(Hudson Taylor)\u00a0<\/span><\/p><\/div>\n\t\t\t\t<\/div>\n\t\t\t\t<\/div>\n\t\t\t\t<div class=\"elementor-element elementor-element-3bc2de5 elementor-align-center elementor-tablet-align-left elementor-mobile-align-left elementor-invisible elementor-widget elementor-widget-button\" data-id=\"3bc2de5\" data-element_type=\"widget\" data-settings=\"{&quot;_animation&quot;:&quot;fadeIn&quot;}\" data-widget_type=\"button.default\">\n\t\t\t\t<div class=\"elementor-widget-container\">\n\t\t\t\t\t<div class=\"elementor-button-wrapper\">\n\t\t\t<a href=\"#\" class=\"elementor-button-link elementor-button elementor-size-xs\" role=\"button\">\n\t\t\t\t\t\t<span class=\"elementor-button-content-wrapper\">\n\t\t\t\t\t\t<span class=\"elementor-button-text\">Contato<\/span>\n\t\t<\/span>\n\t\t\t\t\t<\/a>\n\t\t<\/div>\n\t\t\t\t<\/div>\n\t\t\t\t<\/div>\n\t\t\t\t\t\t<\/div>\n\t\t\t\t\t<\/div>\n\t\t<\/div>\n\t\t\t\t\t\t\t\t<\/div>\n\t\t\t\t\t<\/div>\n\t\t<\/section>\n\t\t\t\t\t\t<\/div>\n\t\t\t\t\t\t<\/div>\n\t\t\t\t\t<\/div>\n\t\t","protected":false},"excerpt":{"rendered":"<p>Nossos Mission\u00e1rios \u201cPor\u00e9m em nada considero a vida preciosa para mim mesmo, contanto que complete a minha carreira e o minist\u00e9rio que recebi do Senhor Jesus\u201d (At 20.24). Contato Divino Amorim e Maria Pr. Divino e Maria estao em Maputo, capital de Mo\u00e7ambique (Africa), desde maio de 2002, sendo eles os precursores do trabalho batista [&hellip;]<\/p>\n","protected":false},"author":1,"featured_media":0,"parent":0,"menu_order":0,"comment_status":"closed","ping_status":"closed","template":"","meta":[],"_links":{"self":[{"href":"https:\/\/www.mbbf.org.br\/mbbf_blog\/wp-json\/wp\/v2\/pages\/1173"}],"collection":[{"href":"https:\/\/www.mbbf.org.br\/mbbf_blog\/wp-json\/wp\/v2\/pages"}],"about":[{"href":"https:\/\/www.mbbf.org.br\/mbbf_blog\/wp-json\/wp\/v2\/types\/page"}],"author":[{"embeddable":true,"href":"https:\/\/www.mbbf.org.br\/mbbf_blog\/wp-json\/wp\/v2\/users\/1"}],"replies":[{"embeddable":true,"href":"https:\/\/www.mbbf.org.br\/mbbf_blog\/wp-json\/wp\/v2\/comments?post=1173"}],"version-history":[{"count":383,"href":"https:\/\/www.mbbf.org.br\/mbbf_blog\/wp-json\/wp\/v2\/pages\/1173\/revisions"}],"predecessor-version":[{"id":7727,"href":"https:\/\/www.mbbf.org.br\/mbbf_blog\/wp-json\/wp\/v2\/pages\/1173\/revisions\/7727"}],"wp:attachment":[{"href":"https:\/\/www.mbbf.org.br\/mbbf_blog\/wp-json\/wp\/v2\/media?parent=1173"}],"curies":[{"name":"wp","href":"https:\/\/api.w.org\/{rel}","templated":true}]}}